{"id":237318,"date":"2021-01-15T14:42:01","date_gmt":"2021-01-15T13:42:01","guid":{"rendered":"https:\/\/www.feuillerage.ch\/unser-weingut\/"},"modified":"2023-04-08T17:33:04","modified_gmt":"2023-04-08T15:33:04","slug":"unser-weingut","status":"publish","type":"page","link":"https:\/\/www.feuillerage.ch\/de\/unser-weingut\/","title":{"rendered":"Unser Weingut"},"content":{"rendered":"<p>[et_pb_section fb_built=&#8220;1&#8243; fullwidth=&#8220;on&#8220; disabled_on=&#8220;off|off|off&#8220; admin_label=&#8220;Hero&#8220; _builder_version=&#8220;4.16&#8243; background_color=&#8220;#1f1f1f&#8220; parallax=&#8220;on&#8220; min_height=&#8220;685px&#8220; min_height_tablet=&#8220;&#8220; min_height_phone=&#8220;&#8220; min_height_last_edited=&#8220;on|desktop&#8220; height_tablet=&#8220;&#8220; height_phone=&#8220;557px&#8220; height_last_edited=&#8220;on|desktop&#8220; max_height_tablet=&#8220;&#8220; max_height_phone=&#8220;876px&#8220; max_height_last_edited=&#8220;on|desktop&#8220; custom_padding=&#8220;|||&#8220; transparent_background=&#8220;on&#8220; global_colors_info=&#8220;{}&#8220;][et_pb_fullwidth_header title=&#8220;Domaine du Feuillerage&#8220; subhead=&#8220;Willkommen auf der Domaine du Feuillerage, in der Familie Gaillard, Winzer an %22La C\u00f4te%22 seit 5 Generationen.&#8220; _builder_version=&#8220;4.18.1&#8243; title_text_align=&#8220;center&#8220; title_font_size=&#8220;42px&#8220; subhead_text_align=&#8220;center&#8220; subhead_font_size=&#8220;41px&#8220; subhead_letter_spacing=&#8220;1px&#8220; subhead_line_height=&#8220;1.5em&#8220; background_image=&#8220;https:\/\/www.feuillerage.ch\/wp-content\/uploads\/2022\/11\/aerienneFeuillerage-4.jpg&#8220; parallax=&#8220;on&#8220; height=&#8220;746px&#8220; height_tablet=&#8220;&#8220; height_phone=&#8220;558px&#8220; height_last_edited=&#8220;on|desktop&#8220; max_height_tablet=&#8220;&#8220; max_height_phone=&#8220;&#8220; max_height_last_edited=&#8220;on|desktop&#8220; custom_margin_tablet=&#8220;&#8220; custom_margin_phone=&#8220;0px|0px|0px|0px|false|false&#8220; custom_margin_last_edited=&#8220;on|desktop&#8220; custom_padding=&#8220;||||false|false&#8220; custom_padding_tablet=&#8220;&#8220; custom_padding_phone=&#8220;33px||50px||false|false&#8220; custom_padding_last_edited=&#8220;on|desktop&#8220; title_font_size_phone=&#8220;29px&#8220; title_font_size_last_edited=&#8220;off|phone&#8220; subhead_text_align_tablet=&#8220;&#8220; subhead_text_align_phone=&#8220;center&#8220; subhead_text_align_last_edited=&#8220;on|desktop&#8220; subhead_font_size_tablet=&#8220;&#8220; subhead_font_size_phone=&#8220;33px&#8220; subhead_font_size_last_edited=&#8220;on|desktop&#8220; subhead_line_height_tablet=&#8220;&#8220; subhead_line_height_phone=&#8220;1.2em&#8220; subhead_line_height_last_edited=&#8220;on|desktop&#8220; custom_css_title=&#8220;padding-bottom : 50px&#8220; text_shadow_style=&#8220;preset1&#8243; button_one_border_radius_hover=&#8220;0px&#8220; button_one_letter_spacing_hover=&#8220;1px&#8220; button_two_letter_spacing_hover=&#8220;1px&#8220; global_colors_info=&#8220;{}&#8220;][\/et_pb_fullwidth_header][\/et_pb_section][et_pb_section fb_built=&#8220;1&#8243; custom_padding_last_edited=&#8220;on|desktop&#8220; admin_label=&#8220;Welcome To Royal&#8220; _builder_version=&#8220;4.16&#8243; background_color=&#8220;#ffffff&#8220; background_position=&#8220;top_left&#8220; custom_padding=&#8220;36px|0px|0|0px|false|false&#8220; custom_padding_tablet=&#8220;0px||||false|false&#8220; custom_padding_phone=&#8220;0px||||false|false&#8220; collapsed=&#8220;off&#8220; global_colors_info=&#8220;{}&#8220;][et_pb_row column_structure=&#8220;1_2,1_2&#8243; custom_padding_last_edited=&#8220;on|desktop&#8220; _builder_version=&#8220;4.16&#8243; background_size=&#8220;initial&#8220; background_position=&#8220;top_left&#8220; background_repeat=&#8220;repeat&#8220; custom_margin=&#8220;|||&#8220; custom_margin_tablet=&#8220;0px||||false|false&#8220; custom_margin_phone=&#8220;0px||||false|false&#8220; custom_margin_last_edited=&#8220;on|tablet&#8220; custom_padding=&#8220;27px|0px|0|0px|false|false&#8220; custom_padding_tablet=&#8220;0px||||false|false&#8220; custom_padding_phone=&#8220;0px||||false|false&#8220; global_colors_info=&#8220;{}&#8220;][et_pb_column type=&#8220;1_2&#8243; _builder_version=&#8220;4.16&#8243; background_position=&#8220;top_left&#8220; custom_padding=&#8220;60px|||&#8220; global_colors_info=&#8220;{}&#8220; custom_padding__hover=&#8220;|||&#8220;][et_pb_text _builder_version=&#8220;4.16&#8243; text_font=&#8220;||||||||&#8220; header_font=&#8220;||||||||&#8220; header_3_font=&#8220;Montserrat|700||on|||||&#8220; header_3_text_color=&#8220;#bfbfbf&#8220; header_3_font_size=&#8220;14px&#8220; header_3_letter_spacing=&#8220;2px&#8220; header_3_line_height=&#8220;1.3em&#8220; background_size=&#8220;initial&#8220; background_position=&#8220;top_left&#8220; background_repeat=&#8220;repeat&#8220; module_alignment=&#8220;center&#8220; custom_margin=&#8220;||12px|&#8220; custom_padding=&#8220;|||&#8220; animation_style=&#8220;slide&#8220; animation_direction=&#8220;bottom&#8220; saved_tabs=&#8220;all&#8220; locked=&#8220;off&#8220; global_colors_info=&#8220;{}&#8220; text_letter_spacing__hover=&#8220;0px&#8220; text_letter_spacing__hover_enabled=&#8220;0px&#8220; text_line_height__hover=&#8220;1.7em&#8220; text_line_height__hover_enabled=&#8220;1.7em&#8220; text_orientation__hover=&#8220;left&#8220; text_orientation__hover_enabled=&#8220;left&#8220; text_font_size__hover=&#8220;14px&#8220; text_font_size__hover_enabled=&#8220;14px&#8220; text_text_shadow_style__hover=&#8220;none&#8220; text_text_shadow_style__hover_enabled=&#8220;none&#8220; text_text_shadow_color__hover=&#8220;rgba(0,0,0,0.4)&#8220; text_text_shadow_color__hover_enabled=&#8220;rgba(0,0,0,0.4)&#8220; link_font_size__hover=&#8220;14px&#8220; link_font_size__hover_enabled=&#8220;14px&#8220; link_letter_spacing__hover=&#8220;0px&#8220; link_letter_spacing__hover_enabled=&#8220;0px&#8220; link_line_height__hover=&#8220;1em&#8220; link_line_height__hover_enabled=&#8220;1em&#8220; link_text_shadow_style__hover=&#8220;none&#8220; link_text_shadow_style__hover_enabled=&#8220;none&#8220; link_text_shadow_color__hover=&#8220;rgba(0,0,0,0.4)&#8220; link_text_shadow_color__hover_enabled=&#8220;rgba(0,0,0,0.4)&#8220; ul_font_size__hover=&#8220;14px&#8220; ul_font_size__hover_enabled=&#8220;14px&#8220; ul_letter_spacing__hover=&#8220;0px&#8220; ul_letter_spacing__hover_enabled=&#8220;0px&#8220; ul_line_height__hover=&#8220;1em&#8220; ul_line_height__hover_enabled=&#8220;1em&#8220; ul_text_shadow_style__hover=&#8220;none&#8220; ul_text_shadow_style__hover_enabled=&#8220;none&#8220; ul_text_shadow_color__hover=&#8220;rgba(0,0,0,0.4)&#8220; ul_text_shadow_color__hover_enabled=&#8220;rgba(0,0,0,0.4)&#8220; ol_font_size__hover=&#8220;14px&#8220; ol_font_size__hover_enabled=&#8220;14px&#8220; ol_letter_spacing__hover=&#8220;0px&#8220; ol_letter_spacing__hover_enabled=&#8220;0px&#8220; ol_line_height__hover=&#8220;1em&#8220; ol_line_height__hover_enabled=&#8220;1em&#8220; ol_text_shadow_style__hover=&#8220;none&#8220; ol_text_shadow_style__hover_enabled=&#8220;none&#8220; ol_text_shadow_color__hover=&#8220;rgba(0,0,0,0.4)&#8220; ol_text_shadow_color__hover_enabled=&#8220;rgba(0,0,0,0.4)&#8220; quote_font_size__hover=&#8220;14px&#8220; quote_font_size__hover_enabled=&#8220;14px&#8220; quote_letter_spacing__hover=&#8220;0px&#8220; quote_letter_spacing__hover_enabled=&#8220;0px&#8220; quote_line_height__hover=&#8220;1em&#8220; quote_line_height__hover_enabled=&#8220;1em&#8220; quote_text_shadow_style__hover=&#8220;none&#8220; quote_text_shadow_style__hover_enabled=&#8220;none&#8220; quote_text_shadow_color__hover=&#8220;rgba(0,0,0,0.4)&#8220; quote_text_shadow_color__hover_enabled=&#8220;rgba(0,0,0,0.4)&#8220; background_layout__hover=&#8220;light&#8220; background_layout__hover_enabled=&#8220;light&#8220;]<\/p>\n<h3>Domaine du Feuillerage &#8211; Perroy<\/h3>\n<p>[\/et_pb_text][et_pb_text disabled_on=&#8220;on|on|off&#8220; _builder_version=&#8220;4.16&#8243; text_font=&#8220;||||||||&#8220; header_font=&#8220;||||||||&#8220; header_2_font=&#8220;Playfair Display||||&#8220; header_2_font_size=&#8220;48px&#8220; header_2_line_height=&#8220;1.3em&#8220; background_size=&#8220;initial&#8220; background_position=&#8220;top_left&#8220; background_repeat=&#8220;repeat&#8220; global_colors_info=&#8220;{}&#8220; header_font_size__hover=&#8220;30px&#8220; header_font_size__hover_enabled=&#8220;30px&#8220; header_letter_spacing__hover=&#8220;0px&#8220; header_letter_spacing__hover_enabled=&#8220;0px&#8220; header_text_shadow_style__hover=&#8220;none&#8220; header_text_shadow_style__hover_enabled=&#8220;none&#8220; header_text_shadow_color__hover=&#8220;rgba(0,0,0,0.4)&#8220; header_text_shadow_color__hover_enabled=&#8220;rgba(0,0,0,0.4)&#8220;]<\/p>\n<p>[\/et_pb_text][et_pb_text content_tablet=&#8220;&#8220; content_phone=&#8220;&#8220; content_last_edited=&#8220;on|phone&#8220; _builder_version=&#8220;4.16&#8243; _module_preset=&#8220;adbd4f30-c706-4569-b140-33573ae7e80b&#8220; header_2_line_height=&#8220;1.1em&#8220; header_font_tablet=&#8220;&#8220; header_font_phone=&#8220;&#8220; header_font_last_edited=&#8220;on|phone&#8220; saved_tabs=&#8220;all&#8220; global_colors_info=&#8220;{}&#8220;]<\/p>\n<h2>Unsere Geschichte<\/h2>\n<p>[\/et_pb_text][et_pb_text _builder_version=&#8220;4.16&#8243; text_line_height=&#8220;1.8em&#8220; text_font_size_tablet=&#8220;&#8220; text_font_size_phone=&#8220;15px&#8220; text_font_size_last_edited=&#8220;on|phone&#8220; global_colors_info=&#8220;{}&#8220;]<\/p>\n<p>Die Domaine du Feuillerage ist seit 1902 im Besitz der Familie Gaillard. Winzer von Generation zu Generation, sind nun wir, Roland und C\u00e9dric, Vater und Sohn, an der Reihe, dieses Familiengut in Perroy zu bewirtschaften.<\/p>\n<p>Als erfahrener Winzer und junger diplomierter \u00d6nologe arbeiten wir gemeinsam daran, die Geschichte dieses Weinguts mit Respekt, Leidenschaft und Qualit\u00e4t weiterzuf\u00fchren. Einfache Worte, aber von \u00fcberragender Bedeutung, die unsere t\u00e4gliche Arbeit leiten.<\/p>\n<p>Wir bewirtschaften 18 Hektar Weinberge in den Gemeinden Perroy, F\u00e9chy, Bougy, Etoy und Buchillon. Wir arbeiten mit verschiedenen Rebsorten, aus denen wir etwa zwanzig Rot- und Wei\u00dfweine herstellen.<\/p>\n<p>[\/et_pb_text][\/et_pb_column][et_pb_column type=&#8220;1_2&#8243; _builder_version=&#8220;4.16&#8243; background_position=&#8220;top_left&#8220; custom_padding=&#8220;|||&#8220; global_colors_info=&#8220;{}&#8220; custom_padding__hover=&#8220;|||&#8220;][et_pb_image src=&#8220;https:\/\/www.feuillerage.ch\/wp-content\/uploads\/2019\/02\/19554287_1073068709459394_2120274436612351077_n.jpg&#8220; alt=&#8220;C\u00e9dric und Roland Gaillard&#8220; title_text=&#8220;C\u00e9dric und Roland Gaillard&#8220; _builder_version=&#8220;4.16&#8243; width=&#8220;145.4%&#8220; width_tablet=&#8220;100%&#8220; width_phone=&#8220;100%&#8220; width_last_edited=&#8220;on|tablet&#8220; min_height=&#8220;468px&#8220; min_height_tablet=&#8220;&#8220; min_height_phone=&#8220;&#8220; min_height_last_edited=&#8220;on|desktop&#8220; custom_margin=&#8220;4px|-204px||||&#8220; custom_padding=&#8220;|||0px||&#8220; animation_style=&#8220;slide&#8220; animation_direction=&#8220;left&#8220; animation_intensity_slide=&#8220;10%&#8220; always_center_on_mobile=&#8220;off&#8220; global_colors_info=&#8220;{}&#8220;]<\/p>\n<p>[\/et_pb_image][\/et_pb_column][\/et_pb_row][\/et_pb_section][et_pb_section fb_built=&#8220;1&#8243; _builder_version=&#8220;4.18.1&#8243; _module_preset=&#8220;default&#8220; global_colors_info=&#8220;{}&#8220;][et_pb_row _builder_version=&#8220;4.18.1&#8243; _module_preset=&#8220;default&#8220; global_colors_info=&#8220;{}&#8220;][et_pb_column type=&#8220;4_4&#8243; _builder_version=&#8220;4.18.1&#8243; _module_preset=&#8220;default&#8220; global_colors_info=&#8220;{}&#8220;][et_pb_text _builder_version=&#8220;4.18.1&#8243; _module_preset=&#8220;default&#8220; hover_enabled=&#8220;0&#8243; global_colors_info=&#8220;{}&#8220; header_2_line_height=&#8220;1.3em&#8220; sticky_enabled=&#8220;0&#8243;]<\/p>\n<h2>Veranstaltungen der Domaine du Feuillerage<\/h2>\n<table style=\"border-collapse: collapse; width: 100%; height: 301px;\" border=\"0\">\n<tbody>\n<tr style=\"height: 23px;\">\n<td style=\"width: 50%; height: 23px;\">Offene T\u00fcren im Fr\u00fchling<\/td>\n<td style=\"width: 50%; height: 23px;\">20 &#8211; 21 &#8211; 22 April<\/td>\n<\/tr>\n<tr style=\"height: 23px;\">\n<td style=\"width: 50%; height: 23px;\"><a href=\"https:\/\/www.ovv.ch\/caves-ouvertes\">Offene keller im waadtland<\/a><\/td>\n<td style=\"width: 50%; height: 23px;\">27 &#8211; 28 May<\/td>\n<\/tr>\n<tr style=\"height: 23px;\">\n<td style=\"width: 50%; height: 23px;\">Tartar-Abend auf der Domaine<\/td>\n<td style=\"width: 50%; height: 23px;\">27 Juli<\/td>\n<\/tr>\n<tr style=\"height: 23px;\">\n<td style=\"width: 50%; height: 23px;\">Lyssach Dorfm\u00e4rit<\/td>\n<td style=\"width: 50%; height: 23px;\">5 November<\/td>\n<\/tr>\n<tr style=\"height: 23px;\">\n<td style=\"width: 50%; height: 23px;\"><a href=\"https:\/\/comptoir-broyard.ch\/\">Comptoir Broyard<\/a><\/td>\n<td style=\"width: 50%; height: 23px;\">17-26 November<\/td>\n<\/tr>\n<tr style=\"height: 23px;\">\n<td style=\"width: 50%; height: 23px;\"><a href=\"https:\/\/www.feuillerage.ch\/2022\/07\/09\/degustations-avent\/\">Verkostungen im Advent<\/a><\/td>\n<td style=\"width: 50%; height: 23px;\">29 November &#8211; 2 Dezember<\/td>\n<\/tr>\n<\/tbody>\n<\/table>\n<p>&nbsp;<\/p>\n<p>[\/et_pb_text][\/et_pb_column][\/et_pb_row][\/et_pb_section][et_pb_section fb_built=&#8220;1&#8243; _builder_version=&#8220;4.16&#8243; _module_preset=&#8220;default&#8220; use_background_color_gradient=&#8220;on&#8220; background_color_gradient_stops=&#8220;#ffffff 0%|#eaeaea 100%&#8220; background_color_gradient_start=&#8220;#ffffff&#8220; background_color_gradient_end=&#8220;#eaeaea&#8220; locked=&#8220;off&#8220; global_colors_info=&#8220;{}&#8220;][et_pb_row column_structure=&#8220;2_5,3_5&#8243; disabled_on=&#8220;off|off|off&#8220; _builder_version=&#8220;4.18.1&#8243; _module_preset=&#8220;default&#8220; global_colors_info=&#8220;{}&#8220;][et_pb_column type=&#8220;2_5&#8243; _builder_version=&#8220;4.17.4&#8243; _module_preset=&#8220;default&#8220; global_colors_info=&#8220;{}&#8220;][et_pb_blog fullwidth=&#8220;off&#8220; include_categories=&#8220;185&#8243; show_author=&#8220;off&#8220; show_date=&#8220;off&#8220; show_categories=&#8220;off&#8220; _builder_version=&#8220;4.18.1&#8243; _module_preset=&#8220;default&#8220; global_colors_info=&#8220;{}&#8220;][\/et_pb_blog][\/et_pb_column][et_pb_column type=&#8220;3_5&#8243; _builder_version=&#8220;4.17.4&#8243; _module_preset=&#8220;default&#8220; global_colors_info=&#8220;{}&#8220;][et_pb_text _builder_version=&#8220;4.18.1&#8243; _module_preset=&#8220;default&#8220; header_2_line_height=&#8220;1.2em&#8220; global_colors_info=&#8220;{}&#8220;]<\/p>\n<h2>Les \u00e9v\u00e9nements du domaine du Feuillerage<\/h2>\n<table style=\"border-collapse: collapse; width: 100%; height: 301px;\" border=\"0\">\n<tbody>\n<tr style=\"height: 23px;\">\n<td style=\"width: 50%; height: 23px;\">Portes ouvertes de printemps<\/td>\n<td style=\"width: 50%; height: 23px;\">20 &#8211; 21 &#8211; 22 avril<\/td>\n<\/tr>\n<tr style=\"height: 23px;\">\n<td style=\"width: 50%; height: 23px;\"><a href=\"https:\/\/www.ami-divin.ch\/\">Ami Divin<\/a><\/td>\n<td style=\"width: 50%; height: 23px;\">29 avril \u00e0 Middes<\/td>\n<\/tr>\n<tr style=\"height: 23px;\">\n<td style=\"width: 50%; height: 23px;\"><a href=\"https:\/\/www.ovv.ch\/caves-ouvertes\">Caves ouvertes vaudoises<\/a><\/td>\n<td style=\"width: 50%; height: 23px;\">27 &#8211; 28 mai<\/td>\n<\/tr>\n<tr style=\"height: 47px;\">\n<td style=\"width: 50%; height: 47px;\"><a href=\"https:\/\/www.feuillerage.ch\/2023\/04\/04\/histoires-de-vin\/\">Histoires de vin Acte II<\/a><\/td>\n<td style=\"width: 50%; height: 47px;\">8 juin<\/td>\n<\/tr>\n<tr style=\"height: 23px;\">\n<td style=\"width: 50%; height: 23px;\"><a href=\"https:\/\/www.myvalleedejoux.ch\/fr\/P29404\/bourse-horlogere-et-brocante\">Bourse horlog\u00e8re Abbaye<\/a><\/td>\n<td style=\"width: 50%; height: 23px;\">10 juin<\/td>\n<\/tr>\n<tr style=\"height: 23px;\">\n<td style=\"width: 50%; height: 23px;\">Soir\u00e9e tartare au Domaine<\/td>\n<td style=\"width: 50%; height: 23px;\">27 juillet<\/td>\n<\/tr>\n<tr style=\"height: 23px;\">\n<td style=\"width: 50%; height: 23px;\"><a href=\"https:\/\/www.foiredelaroche.com\/\">Foire de la Roche<\/a><\/td>\n<td style=\"width: 50%; height: 23px;\">28 octobre<\/td>\n<\/tr>\n<tr style=\"height: 23px;\">\n<td style=\"width: 50%; height: 23px;\">Lyssach Dorfm\u00e4rit<\/td>\n<td style=\"width: 50%; height: 23px;\">5 novembre<\/td>\n<\/tr>\n<tr style=\"height: 23px;\">\n<td style=\"width: 50%; height: 23px;\"><a href=\"https:\/\/comptoir-broyard.ch\/\">Comptoir Broyard<\/a><\/td>\n<td style=\"width: 50%; height: 23px;\">17-26 novembre<\/td>\n<\/tr>\n<tr style=\"height: 23px;\">\n<td style=\"width: 50%; height: 23px;\"><a href=\"https:\/\/www.feuillerage.ch\/2022\/07\/09\/degustations-avent\/\">D\u00e9gustations de l&#8217;Avent<\/a><\/td>\n<td style=\"width: 50%; height: 23px;\">29 novembre &#8211; 2 d\u00e9cembre<\/td>\n<\/tr>\n<tr style=\"height: 47px;\">\n<td style=\"width: 50%; height: 47px;\">Soir\u00e9e Huitres et Chasselas &#8211; Perroy<\/td>\n<td style=\"width: 50%; height: 47px;\">14 &#8211; 15 d\u00e9cembre<\/td>\n<\/tr>\n<\/tbody>\n<\/table>\n<p>&nbsp;<\/p>\n<p>[\/et_pb_text][\/et_pb_column][\/et_pb_row][\/et_pb_section][et_pb_section fb_built=&#8220;1&#8243; _builder_version=&#8220;4.16&#8243; _module_preset=&#8220;default&#8220; use_background_color_gradient=&#8220;on&#8220; background_color_gradient_stops=&#8220;#ffffff 0%|#eaeaea 100%&#8220; background_color_gradient_start=&#8220;#ffffff&#8220; background_color_gradient_end=&#8220;#eaeaea&#8220; locked=&#8220;off&#8220; global_colors_info=&#8220;{}&#8220;][et_pb_row column_structure=&#8220;2_5,3_5&#8243; disabled_on=&#8220;off|off|off&#8220; _builder_version=&#8220;4.18.1&#8243; _module_preset=&#8220;default&#8220; global_colors_info=&#8220;{}&#8220;][et_pb_column type=&#8220;2_5&#8243; _builder_version=&#8220;4.17.4&#8243; _module_preset=&#8220;default&#8220; global_colors_info=&#8220;{}&#8220;][et_pb_blog fullwidth=&#8220;off&#8220; include_categories=&#8220;185&#8243; show_author=&#8220;off&#8220; show_date=&#8220;off&#8220; show_categories=&#8220;off&#8220; _builder_version=&#8220;4.18.1&#8243; _module_preset=&#8220;default&#8220; global_colors_info=&#8220;{}&#8220;][\/et_pb_blog][\/et_pb_column][et_pb_column type=&#8220;3_5&#8243; _builder_version=&#8220;4.17.4&#8243; _module_preset=&#8220;default&#8220; global_colors_info=&#8220;{}&#8220;][et_pb_text _builder_version=&#8220;4.18.1&#8243; _module_preset=&#8220;default&#8220; header_2_line_height=&#8220;1.2em&#8220; global_colors_info=&#8220;{}&#8220;]<\/p>\n<h2>Les \u00e9v\u00e9nements du domaine du Feuillerage<\/h2>\n<table style=\"border-collapse: collapse; width: 100%; height: 301px;\" border=\"0\">\n<tbody>\n<tr style=\"height: 23px;\">\n<td style=\"width: 50%; height: 23px;\">Portes ouvertes de printemps<\/td>\n<td style=\"width: 50%; height: 23px;\">20 &#8211; 21 &#8211; 22 avril<\/td>\n<\/tr>\n<tr style=\"height: 23px;\">\n<td style=\"width: 50%; height: 23px;\"><a href=\"https:\/\/www.ami-divin.ch\/\">Ami Divin<\/a><\/td>\n<td style=\"width: 50%; height: 23px;\">29 avril \u00e0 Middes<\/td>\n<\/tr>\n<tr style=\"height: 23px;\">\n<td style=\"width: 50%; height: 23px;\"><a href=\"https:\/\/www.ovv.ch\/caves-ouvertes\">Caves ouvertes vaudoises<\/a><\/td>\n<td style=\"width: 50%; height: 23px;\">27 &#8211; 28 mai<\/td>\n<\/tr>\n<tr style=\"height: 47px;\">\n<td style=\"width: 50%; height: 47px;\"><a href=\"https:\/\/www.feuillerage.ch\/2023\/04\/04\/histoires-de-vin\/\">Histoires de vin Acte II<\/a><\/td>\n<td style=\"width: 50%; height: 47px;\">8 juin<\/td>\n<\/tr>\n<tr style=\"height: 23px;\">\n<td style=\"width: 50%; height: 23px;\"><a href=\"https:\/\/www.myvalleedejoux.ch\/fr\/P29404\/bourse-horlogere-et-brocante\">Bourse horlog\u00e8re Abbaye<\/a><\/td>\n<td style=\"width: 50%; height: 23px;\">10 juin<\/td>\n<\/tr>\n<tr style=\"height: 23px;\">\n<td style=\"width: 50%; height: 23px;\">Soir\u00e9e tartare au Domaine<\/td>\n<td style=\"width: 50%; height: 23px;\">27 juillet<\/td>\n<\/tr>\n<tr style=\"height: 23px;\">\n<td style=\"width: 50%; height: 23px;\"><a href=\"https:\/\/www.foiredelaroche.com\/\">Foire de la Roche<\/a><\/td>\n<td style=\"width: 50%; height: 23px;\">28 octobre<\/td>\n<\/tr>\n<tr style=\"height: 23px;\">\n<td style=\"width: 50%; height: 23px;\">Lyssach Dorfm\u00e4rit<\/td>\n<td style=\"width: 50%; height: 23px;\">5 novembre<\/td>\n<\/tr>\n<tr style=\"height: 23px;\">\n<td style=\"width: 50%; height: 23px;\"><a href=\"https:\/\/comptoir-broyard.ch\/\">Comptoir Broyard<\/a><\/td>\n<td style=\"width: 50%; height: 23px;\">17-26 novembre<\/td>\n<\/tr>\n<tr style=\"height: 23px;\">\n<td style=\"width: 50%; height: 23px;\"><a href=\"https:\/\/www.feuillerage.ch\/2022\/07\/09\/degustations-avent\/\">D\u00e9gustations de l&#8217;Avent<\/a><\/td>\n<td style=\"width: 50%; height: 23px;\">29 novembre &#8211; 2 d\u00e9cembre<\/td>\n<\/tr>\n<tr style=\"height: 47px;\">\n<td style=\"width: 50%; height: 47px;\">Soir\u00e9e Huitres et Chasselas &#8211; Perroy<\/td>\n<td style=\"width: 50%; height: 47px;\">14 &#8211; 15 d\u00e9cembre<\/td>\n<\/tr>\n<\/tbody>\n<\/table>\n<p>&nbsp;<\/p>\n<p>[\/et_pb_text][\/et_pb_column][\/et_pb_row][\/et_pb_section][et_pb_section fb_built=&#8220;1&#8243; _builder_version=&#8220;4.16&#8243; custom_padding=&#8220;0|0px|0|0px|false|false&#8220; global_colors_info=&#8220;{}&#8220;][et_pb_row _builder_version=&#8220;4.16&#8243; custom_padding=&#8220;54px|0px|0|0px|false|false&#8220; global_colors_info=&#8220;{}&#8220;][et_pb_column type=&#8220;4_4&#8243; _builder_version=&#8220;4.16&#8243; custom_padding=&#8220;|||&#8220; global_colors_info=&#8220;{}&#8220; custom_padding__hover=&#8220;|||&#8220;][et_pb_text _builder_version=&#8220;4.16&#8243; _module_preset=&#8220;adbd4f30-c706-4569-b140-33573ae7e80b&#8220; text_font=&#8220;||||||||&#8220; text_font_size=&#8220;36px&#8220; text_line_height=&#8220;1.9em&#8220; header_font=&#8220;||||||||&#8220; header_font_size=&#8220;33px&#8220; header_2_font=&#8220;||||||||&#8220; header_3_font=&#8220;||||||||&#8220; header_4_font=&#8220;||||||||&#8220; text_line_height_tablet=&#8220;&#8220; text_line_height_phone=&#8220;1.9em&#8220; text_line_height_last_edited=&#8220;on|desktop&#8220; header_line_height_tablet=&#8220;&#8220; header_line_height_phone=&#8220;1em&#8220; header_line_height_last_edited=&#8220;on|desktop&#8220; header_2_font_size_tablet=&#8220;&#8220; header_2_font_size_phone=&#8220;22px&#8220; header_2_font_size_last_edited=&#8220;on|desktop&#8220; header_2_line_height_tablet=&#8220;1.1em&#8220; header_2_line_height_phone=&#8220;1em&#8220; header_2_line_height_last_edited=&#8220;on|desktop&#8220; global_colors_info=&#8220;{}&#8220;]<\/p>\n<h3>Ein Vater, ein Sohn, eine Geschichte<\/h3>\n<p>[\/et_pb_text][\/et_pb_column][\/et_pb_row][et_pb_row _builder_version=&#8220;4.16&#8243; global_colors_info=&#8220;{}&#8220;][et_pb_column type=&#8220;4_4&#8243; _builder_version=&#8220;4.16&#8243; custom_padding=&#8220;|||&#8220; global_colors_info=&#8220;{}&#8220; custom_padding__hover=&#8220;|||&#8220;][et_pb_team_member name=&#8220;Roland Gaillard&#8220; position=&#8220;Weinbauer&#8220; image_url=&#8220;https:\/\/www.feuillerage.ch\/wp-content\/uploads\/2019\/02\/familleGaillard013.jpg&#8220; _builder_version=&#8220;4.16&#8243; header_font=&#8220;||||||||&#8220; header_font_size=&#8220;21px&#8220; body_font=&#8220;||||||||&#8220; body_font_size=&#8220;15px&#8220; box_shadow_style_image=&#8220;preset2&#8243; global_colors_info=&#8220;{}&#8220;]<\/p>\n<p><span>Roland kaufte die Domaine du Feuillerage im Jahr 1990 von seinem Onkel. Zu dieser Zeit war das Laub in einem schlechten Zustand. Gr\u00f6\u00dfere Wartungsarbeiten m\u00fcssen schnell durchgef\u00fchrt werden. Dank seiner Energie, seiner Liebe zu einer guten Arbeit und seinem Sinn f\u00fcr Geselligkeit hat Roland sein Unternehmen im Laufe der Jahre zu dem entwickelt, was es heute ist: ein dynamisches Weingut, das f\u00fcr die Qualit\u00e4t seiner Weine bekannt ist. Jetzt kann er auf seinen Sohn z\u00e4hlen, der ebenfalls 1990 geboren wurde und ihm hilft, die Linie, die er verfolgt hat, fortzusetzen.<\/span><\/p>\n<p>[\/et_pb_team_member][\/et_pb_column][\/et_pb_row][et_pb_row _builder_version=&#8220;4.16&#8243; global_colors_info=&#8220;{}&#8220;][et_pb_column type=&#8220;4_4&#8243; _builder_version=&#8220;4.16&#8243; custom_padding=&#8220;|||&#8220; global_colors_info=&#8220;{}&#8220; custom_padding__hover=&#8220;|||&#8220;][et_pb_team_member name=&#8220;C\u00e9dric Gaillard&#8220; position=&#8220;\u00d6nologe&#8220; image_url=&#8220;https:\/\/www.feuillerage.ch\/wp-content\/uploads\/2019\/02\/familleGaillard009.jpg&#8220; facebook_url=&#8220;https:\/\/www.facebook.com\/cedric.gaillard.528&#8243; _builder_version=&#8220;4.16&#8243; header_font=&#8220;||||||||&#8220; header_font_size=&#8220;21px&#8220; body_font=&#8220;||||||||&#8220; body_font_size=&#8220;15px&#8220; box_shadow_style_image=&#8220;preset2&#8243; global_colors_info=&#8220;{}&#8220;]<\/p>\n<p><span>In Cedrics Kopf und Herz war es bald klar, dass er in die Fu\u00dfstapfen seines Vaters treten w\u00fcrde. So war es nur folgerichtig, dass er am Ende seiner Schulpflicht eine Lehre als Winzer antrat. Er setzt seine Berufsausbildung an der Haute \u00e9cole de viticulture et d&#8217;oenologie de Changins fort. Mit seinem Bachelor-Abschluss in der Hand trat er 2016 in das Familienunternehmen ein. Seitdem ist er f\u00fcr die Vinifizierung der Weine des Weinguts verantwortlich, w\u00e4hrend er Roland bei der Arbeit im Weinberg assistiert.<\/span><\/p>\n<p>[\/et_pb_team_member][\/et_pb_column][\/et_pb_row][\/et_pb_section][et_pb_section fb_built=&#8220;1&#8243; custom_padding_last_edited=&#8220;on|desktop&#8220; disabled_on=&#8220;on|on|on&#8220; admin_label=&#8220;Testominals&#8220; _builder_version=&#8220;4.16&#8243; background_size=&#8220;initial&#8220; background_position=&#8220;top_left&#8220; custom_padding=&#8220;20px|0px|100px|0px|false|false&#8220; custom_padding_tablet=&#8220;&#8220; custom_padding_phone=&#8220;0px||0px||false|false&#8220; disabled=&#8220;on&#8220; saved_tabs=&#8220;all&#8220; collapsed=&#8220;off&#8220; global_colors_info=&#8220;{}&#8220;][et_pb_row _builder_version=&#8220;4.16&#8243; custom_padding=&#8220;0|0px|27px|0px|false|false&#8220; global_colors_info=&#8220;{}&#8220;][et_pb_column type=&#8220;4_4&#8243; _builder_version=&#8220;4.16&#8243; custom_padding=&#8220;|||&#8220; global_colors_info=&#8220;{}&#8220; custom_padding__hover=&#8220;|||&#8220;][et_pb_text _builder_version=&#8220;4.16&#8243; text_font=&#8220;||||||||&#8220; header_font=&#8220;||||||||&#8220; header_2_font=&#8220;Playfair Display||||&#8220; header_2_font_size=&#8220;48px&#8220; header_2_line_height=&#8220;1.3em&#8220; background_size=&#8220;initial&#8220; background_position=&#8220;top_left&#8220; background_repeat=&#8220;repeat&#8220; text_orientation=&#8220;center&#8220; locked=&#8220;off&#8220; global_colors_info=&#8220;{}&#8220; header_font_size__hover=&#8220;30px&#8220; header_font_size__hover_enabled=&#8220;30px&#8220; header_letter_spacing__hover=&#8220;0px&#8220; header_letter_spacing__hover_enabled=&#8220;0px&#8220; header_text_shadow_style__hover=&#8220;none&#8220; header_text_shadow_style__hover_enabled=&#8220;none&#8220; header_text_shadow_color__hover=&#8220;rgba(0,0,0,0.4)&#8220; header_text_shadow_color__hover_enabled=&#8220;rgba(0,0,0,0.4)&#8220;]<\/p>\n<h2><\/h2>\n<p>[\/et_pb_text][et_pb_vertical_timeline line_color=&#8220;rgba(28,58,63,0.28)&#8220; disabled_on=&#8220;on|off|off&#8220; _builder_version=&#8220;4.7.4&#8243; text_font=&#8220;||||||||&#8220; label_font=&#8220;||||||||&#8220; label_font_size=&#8220;16px&#8220; label_line_height=&#8220;1em&#8220; headings_font=&#8220;||||||||&#8220; global_colors_info=&#8220;{}&#8220; _i=&#8220;1&#8243; _address=&#8220;6.0.0.1&#8243; \/][\/et_pb_column][\/et_pb_row][\/et_pb_section][et_pb_section fb_built=&#8220;1&#8243; disabled_on=&#8220;off|off|off&#8220; admin_label=&#8220;Menu Grid&#8220; _builder_version=&#8220;4.16&#8243; background_color=&#8220;#1f1f1f&#8220; background_position=&#8220;top_left&#8220; background_blend=&#8220;multiply&#8220; custom_padding=&#8220;0|0px|88px|0px|false|false&#8220; global_colors_info=&#8220;{}&#8220;][et_pb_row _builder_version=&#8220;4.16&#8243; max_width=&#8220;1316px&#8220; custom_padding=&#8220;46px|0px|21px|0|false|false&#8220; use_custom_width=&#8220;on&#8220; custom_width_px=&#8220;1316px&#8220; global_colors_info=&#8220;{}&#8220;][et_pb_column type=&#8220;4_4&#8243; _builder_version=&#8220;4.16&#8243; custom_padding=&#8220;|||&#8220; global_colors_info=&#8220;{}&#8220; custom_padding__hover=&#8220;|||&#8220;][et_pb_text _builder_version=&#8220;4.16&#8243; header_2_line_height=&#8220;1.1em&#8220; header_3_font_size=&#8220;59px&#8220; min_height=&#8220;93px&#8220; min_height_tablet=&#8220;&#8220; min_height_phone=&#8220;&#8220; min_height_last_edited=&#8220;on|desktop&#8220; custom_margin_tablet=&#8220;&#8220; custom_margin_phone=&#8220;||0px||false|false&#8220; custom_margin_last_edited=&#8220;on|desktop&#8220; custom_padding=&#8220;||0px|||&#8220; custom_padding_tablet=&#8220;&#8220; custom_padding_phone=&#8220;||0px||false|false&#8220; custom_padding_last_edited=&#8220;on|desktop&#8220; link_option_url=&#8220;https:\/\/www.feuillerage.ch\/267-2\/&#8220; header_3_font_size_tablet=&#8220;&#8220; header_3_font_size_phone=&#8220;55px&#8220; header_3_font_size_last_edited=&#8220;on|phone&#8220; header_3_letter_spacing_tablet=&#8220;&#8220; header_3_letter_spacing_phone=&#8220;2px&#8220; header_3_letter_spacing_last_edited=&#8220;on|desktop&#8220; inline_fonts=&#8220;Georgia&#8220; global_colors_info=&#8220;{}&#8220;]<\/p>\n<h2 style=\"text-align: center;\">Entdecken Sie unsere Weine<\/h2>\n<p>[\/et_pb_text][\/et_pb_column][\/et_pb_row][et_pb_row column_structure=&#8220;1_4,1_4,1_4,1_4&#8243; use_custom_gutter=&#8220;on&#8220; gutter_width=&#8220;1&#8243; make_equal=&#8220;on&#8220; _builder_version=&#8220;4.16&#8243; background_image=&#8220;https:\/\/www.feuillerage.ch\/wp-content\/uploads\/2019\/08\/DSC_8838-1-e1607076129775.jpg&#8220; background_size=&#8220;contain&#8220; background_position=&#8220;center_left&#8220; max_width=&#8220;1280px&#8220; custom_margin=&#8220;0px||&#8220; custom_padding=&#8220;0px|0px|0px|0px|false|false&#8220; animation_style=&#8220;fade&#8220; use_custom_width=&#8220;on&#8220; custom_width_px=&#8220;1280px&#8220; global_colors_info=&#8220;{}&#8220;][et_pb_column type=&#8220;1_4&#8243; _builder_version=&#8220;4.16&#8243; background_color=&#8220;#ffffff&#8220; custom_padding=&#8220;140px|24px|120px|24px&#8220; custom_padding_tablet=&#8220;&#8220; custom_padding_phone=&#8220;65px|32px|65px|32px|true|true&#8220; custom_padding_last_edited=&#8220;on|desktop&#8220; link_option_url=&#8220;https:\/\/www.feuillerage.ch\/de\/Produktkategorie\/rotweine\/&#8220; global_colors_info=&#8220;{}&#8220; custom_padding__hover=&#8220;|||&#8220;][et_pb_text _builder_version=&#8220;4.16&#8243; module_alignment=&#8220;center&#8220; link_option_url=&#8220;https:\/\/www.feuillerage.ch\/de\/Produktkategorie\/weissweine\/&#8220; header_4_font_size_tablet=&#8220;&#8220; header_4_font_size_phone=&#8220;35px&#8220; header_4_font_size_last_edited=&#8220;on|desktop&#8220; global_colors_info=&#8220;{}&#8220; header_text_shadow_style__hover=&#8220;none&#8220; header_text_shadow_style__hover_enabled=&#8220;none&#8220;]<\/p>\n<h4 style=\"text-align: center\">Rotweine<\/h4>\n<p>[\/et_pb_text][et_pb_text _builder_version=&#8220;4.16&#8243; module_alignment=&#8220;center&#8220; link_option_url=&#8220;https:\/\/www.feuillerage.ch\/de\/Produktkategorie\/rotweine\/&#8220; locked=&#8220;off&#8220; inline_fonts=&#8220;Georgia&#8220; global_colors_info=&#8220;{}&#8220;]<\/p>\n<p><span style=\"font-size: large\">Es wird Ihnen eine breite Palette an Rotweinen pr\u00e4sentiert, von leichten und fruchtigen Rotweinen bis hin zu vollmundigen und kr\u00e4ftigen Weinen zum Niederlegen.<\/span><\/p>\n<p>[\/et_pb_text][et_pb_button button_url=&#8220;https:\/\/www.feuillerage.ch\/de\/Produktkategorie\/rotweine\/&#8220; button_text=&#8220;Entdecken Sie&#8220; _builder_version=&#8220;4.16&#8243; _module_preset=&#8220;b2a02753-07df-4ba1-b8e4-689a16da5540&#8243; global_colors_info=&#8220;{}&#8220;][\/et_pb_button][\/et_pb_column][et_pb_column type=&#8220;1_4&#8243; _builder_version=&#8220;4.16&#8243; background_image=&#8220;https:\/\/www.feuillerage.ch\/wp-content\/uploads\/2019\/08\/DSC_8838-1-e1607076129775.jpg&#8220; background_position=&#8220;center_left&#8220; custom_padding=&#8220;48px|24px|120px|24px&#8220; custom_padding_tablet=&#8220;&#8220; custom_padding_phone=&#8220;155px|32px|155px|32px|true|true&#8220; custom_padding_last_edited=&#8220;on|desktop&#8220; link_option_url=&#8220;https:\/\/www.feuillerage.ch\/de\/Produktkategorie\/rotweine\/&#8220; global_colors_info=&#8220;{}&#8220; custom_padding__hover=&#8220;|||&#8220;][et_pb_divider show_divider=&#8220;off&#8220; _builder_version=&#8220;4.16&#8243; custom_margin=&#8220;||&#8220; custom_padding=&#8220;||&#8220; link_option_url=&#8220;https:\/\/www.feuillerage.ch\/categorie-produit\/les-vins-rouges\/&#8220; global_colors_info=&#8220;{}&#8220;]<\/p>\n<p>[\/et_pb_divider][\/et_pb_column][et_pb_column type=&#8220;1_4&#8243; _builder_version=&#8220;4.16&#8243; background_color=&#8220;#ffffff&#8220; custom_padding=&#8220;120px|24px|120px|24px|false|false&#8220; custom_padding_tablet=&#8220;&#8220; custom_padding_phone=&#8220;65px|32px|65px|32px|false|false&#8220; custom_padding_last_edited=&#8220;on|desktop&#8220; link_option_url=&#8220;https:\/\/www.feuillerage.ch\/de\/Produktkategorie\/weissweine\/&#8220; global_colors_info=&#8220;{}&#8220; custom_padding__hover=&#8220;|||&#8220;][et_pb_text _builder_version=&#8220;4.16&#8243; module_alignment=&#8220;center&#8220; link_option_url=&#8220;https:\/\/www.feuillerage.ch\/de\/Produktkategorie\/weissweine\/&#8220; header_4_font_size_tablet=&#8220;&#8220; header_4_font_size_phone=&#8220;35px&#8220; header_4_font_size_last_edited=&#8220;on|desktop&#8220; global_colors_info=&#8220;{}&#8220; header_text_shadow_style__hover=&#8220;none&#8220; header_text_shadow_style__hover_enabled=&#8220;none&#8220;]<\/p>\n<h4 style=\"text-align: center\">Wei\u00dfweine<\/h4>\n<p>[\/et_pb_text][et_pb_text _builder_version=&#8220;4.16&#8243; module_alignment=&#8220;center&#8220; link_option_url=&#8220;https:\/\/www.feuillerage.ch\/de\/Produktkategorie\/weissweine\/&#8220; locked=&#8220;off&#8220; global_colors_info=&#8220;{}&#8220;]<\/p>\n<p><span style=\"font-size: large;\">Als gro\u00dfe Meister unserer Region finden Sie hier eine gro\u00dfe Auswahl an Wei\u00dfweinen, die Terroir, Finesse und Fruchtigkeit vereinen.<\/span><\/p>\n<p><span style=\"font-size: large;\"><\/span><\/p>\n<p>[\/et_pb_text][et_pb_button button_url=&#8220;https:\/\/www.feuillerage.ch\/de\/Produktkategorie\/weissweine\/&#8220; button_text=&#8220;Entdecken Sie&#8220; _builder_version=&#8220;4.16&#8243; _module_preset=&#8220;b2a02753-07df-4ba1-b8e4-689a16da5540&#8243; global_colors_info=&#8220;{}&#8220;][\/et_pb_button][\/et_pb_column][et_pb_column type=&#8220;1_4&#8243; _builder_version=&#8220;4.16&#8243; background_image=&#8220;https:\/\/www.feuillerage.ch\/wp-content\/uploads\/2019\/08\/DJI_0054-1.jpg&#8220; custom_padding=&#8220;|||&#8220; custom_padding_tablet=&#8220;&#8220; custom_padding_phone=&#8220;155px|32px|155px|32px|false|false&#8220; custom_padding_last_edited=&#8220;on|desktop&#8220; link_option_url=&#8220;https:\/\/www.feuillerage.ch\/de\/Produktkategorie\/weissweine\/&#8220; global_colors_info=&#8220;{}&#8220; custom_padding__hover=&#8220;|||&#8220;][et_pb_divider show_divider=&#8220;off&#8220; _builder_version=&#8220;4.16&#8243; link_option_url=&#8220;https:\/\/www.feuillerage.ch\/categorie-produit\/les-vins-blancs\/&#8220; global_colors_info=&#8220;{}&#8220;]<\/p>\n<p>[\/et_pb_divider][\/et_pb_column][\/et_pb_row][et_pb_row column_structure=&#8220;1_4,1_4,1_4,1_4&#8243; use_custom_gutter=&#8220;on&#8220; gutter_width=&#8220;1&#8243; make_equal=&#8220;on&#8220; _builder_version=&#8220;4.16&#8243; background_color=&#8220;#ffffff&#8220; background_enable_image=&#8220;off&#8220; background_size=&#8220;contain&#8220; background_position=&#8220;top_left&#8220; background_repeat=&#8220;repeat&#8220; max_width=&#8220;1280px&#8220; min_height=&#8220;334px&#8220; custom_margin=&#8220;0px||&#8220; custom_padding=&#8220;0px|0px|1px|0px|false|false&#8220; animation_style=&#8220;fade&#8220; use_custom_width=&#8220;on&#8220; custom_width_px=&#8220;1280px&#8220; global_colors_info=&#8220;{}&#8220;][et_pb_column type=&#8220;1_4&#8243; disabled_on=&#8220;on|on|off&#8220; _builder_version=&#8220;4.16&#8243; background_color=&#8220;#ffffff&#8220; use_background_color_gradient=&#8220;on&#8220; background_image=&#8220;https:\/\/www.feuillerage.ch\/wp-content\/uploads\/2020\/12\/DSC_8824.jpg&#8220; background_position=&#8220;center_left&#8220; custom_padding=&#8220;140px|24px|120px|24px&#8220; custom_padding_tablet=&#8220;&#8220; custom_padding_phone=&#8220;140px|24px|120px|24px|false|false&#8220; custom_padding_last_edited=&#8220;on|phone&#8220; link_option_url=&#8220;https:\/\/www.feuillerage.ch\/de\/Produktkategorie\/rose-weine\/&#8220; global_colors_info=&#8220;{}&#8220; custom_padding__hover=&#8220;|||&#8220;][et_pb_divider show_divider=&#8220;off&#8220; _builder_version=&#8220;4.16&#8243; custom_margin=&#8220;||&#8220; custom_padding=&#8220;||&#8220; link_option_url=&#8220;https:\/\/www.feuillerage.ch\/categorie-produit\/les-roses\/&#8220; global_colors_info=&#8220;{}&#8220;]<\/p>\n<p>[\/et_pb_divider][\/et_pb_column][et_pb_column type=&#8220;1_4&#8243; _builder_version=&#8220;4.16&#8243; background_color=&#8220;#ffffff&#8220; custom_padding=&#8220;140px|24px|120px|24px&#8220; custom_padding_tablet=&#8220;&#8220; custom_padding_phone=&#8220;50px|24px|120px|24px|false|false&#8220; custom_padding_last_edited=&#8220;on|phone&#8220; link_option_url=&#8220;https:\/\/www.feuillerage.ch\/de\/Produktkategorie\/rose-weine\/&#8220; global_colors_info=&#8220;{}&#8220; custom_padding__hover=&#8220;|||&#8220;][et_pb_text _builder_version=&#8220;4.16&#8243; module_alignment=&#8220;center&#8220; link_option_url=&#8220;https:\/\/www.feuillerage.ch\/de\/Produktkategorie\/rose-weine\/&#8220; header_4_font_size_tablet=&#8220;&#8220; header_4_font_size_phone=&#8220;35px&#8220; header_4_font_size_last_edited=&#8220;on|desktop&#8220; global_colors_info=&#8220;{}&#8220; header_text_shadow_style__hover=&#8220;none&#8220; header_text_shadow_style__hover_enabled=&#8220;none&#8220;]<\/p>\n<h4 style=\"text-align: center\">Ros\u00e9-Weine<\/h4>\n<p>[\/et_pb_text][et_pb_text _builder_version=&#8220;4.16&#8243; module_alignment=&#8220;center&#8220; link_option_url=&#8220;https:\/\/www.feuillerage.ch\/de\/Produktkategorie\/rose-weine\/&#8220; locked=&#8220;off&#8220; global_colors_info=&#8220;{}&#8220;]<\/p>\n<p><span style=\"font-size: large\">Ob als Aperitif oder zum Essen, hier finden Sie den passenden Wein f\u00fcr Ihre Sommerabende.<\/span><\/p>\n<p>[\/et_pb_text][et_pb_button button_url=&#8220;https:\/\/www.feuillerage.ch\/de\/Produktkategorie\/rose-weine\/&#8220; button_text=&#8220;Entdecken Sie&#8220; _builder_version=&#8220;4.16&#8243; _module_preset=&#8220;b2a02753-07df-4ba1-b8e4-689a16da5540&#8243; global_colors_info=&#8220;{}&#8220;][\/et_pb_button][\/et_pb_column][et_pb_column type=&#8220;1_4&#8243; _builder_version=&#8220;4.16&#8243; background_color=&#8220;#ffffff&#8220; background_image=&#8220;https:\/\/www.feuillerage.ch\/wp-content\/uploads\/2019\/09\/vignes-clos52-e1607076079389.jpg&#8220; custom_padding=&#8220;140px|24px|120px|24px&#8220; custom_padding_tablet=&#8220;&#8220; custom_padding_phone=&#8220;70px||||false|false&#8220; custom_padding_last_edited=&#8220;on|phone&#8220; link_option_url=&#8220;https:\/\/www.feuillerage.ch\/de\/Produktkategorie\/die-kollektion-chatelanat\/&#8220; global_colors_info=&#8220;{}&#8220; custom_padding__hover=&#8220;|||&#8220;][et_pb_divider show_divider=&#8220;off&#8220; _builder_version=&#8220;4.16&#8243; link_option_url=&#8220;https:\/\/www.feuillerage.ch\/categorie-produit\/la-collection-chatelanat\/&#8220; global_colors_info=&#8220;{}&#8220;]<\/p>\n<p>[\/et_pb_divider][et_pb_divider show_divider=&#8220;off&#8220; _builder_version=&#8220;4.16&#8243; link_option_url=&#8220;https:\/\/www.feuillerage.ch\/categorie-produit\/la-collection-chatelanat\/&#8220; global_colors_info=&#8220;{}&#8220;]<\/p>\n<p>[\/et_pb_divider][\/et_pb_column][et_pb_column type=&#8220;1_4&#8243; _builder_version=&#8220;4.16&#8243; background_enable_image=&#8220;off&#8220; background_position=&#8220;top_center&#8220; custom_padding=&#8220;140px|24px|120px|24px&#8220; custom_padding_tablet=&#8220;&#8220; custom_padding_phone=&#8220;50px|24px|0px|24px|false|false&#8220; custom_padding_last_edited=&#8220;on|phone&#8220; link_option_url=&#8220;https:\/\/www.feuillerage.ch\/de\/Produktkategorie\/die-kollektion-chatelanat\/&#8220; global_colors_info=&#8220;{}&#8220; custom_padding__hover=&#8220;|||&#8220;][et_pb_text _builder_version=&#8220;4.16&#8243; header_4_line_height=&#8220;1.1em&#8220; module_alignment=&#8220;center&#8220; link_option_url=&#8220;https:\/\/www.feuillerage.ch\/de\/Produktkategorie\/die-kollektion-chatelanat\/&#8220; header_4_font_size_tablet=&#8220;&#8220; header_4_font_size_phone=&#8220;35px&#8220; header_4_font_size_last_edited=&#8220;on|desktop&#8220; global_colors_info=&#8220;{}&#8220; header_text_shadow_style__hover=&#8220;none&#8220; header_text_shadow_style__hover_enabled=&#8220;none&#8220;]<\/p>\n<h4 style=\"text-align: center\">Domaine Chatelanat<\/h4>\n<p>[\/et_pb_text][et_pb_text _builder_version=&#8220;4.16&#8243; module_alignment=&#8220;center&#8220; min_height=&#8220;158px&#8220; link_option_url=&#8220;https:\/\/www.feuillerage.ch\/de\/Produktkategorie\/die-kollektion-chatelanat\/&#8220; locked=&#8220;off&#8220; global_colors_info=&#8220;{}&#8220;]<\/p>\n<p><span style=\"font-size: large;\">Eine Domain stirbt nicht, sie entwickelt sich weiter. Dies ist der Fall bei der Domaine Chatelanat, die wir 2017 \u00fcbernommen haben. <\/span><span style=\"font-size: large;\">Hier finden Sie Weine, die den Ruf dieses Weinguts gepr\u00e4gt haben, wie den Clos de la Dame, Laurier de Platine 2011. <\/span><\/p>\n<p>[\/et_pb_text][et_pb_button button_url=&#8220;https:\/\/www.feuillerage.ch\/de\/Produktkategorie\/die-kollektion-chatelanat\/&#8220; button_text=&#8220;Entdecken Sie&#8220; _builder_version=&#8220;4.16&#8243; _module_preset=&#8220;b2a02753-07df-4ba1-b8e4-689a16da5540&#8243; global_colors_info=&#8220;{}&#8220;][\/et_pb_button][\/et_pb_column][\/et_pb_row][et_pb_row column_structure=&#8220;1_4,1_4,1_4,1_4&#8243; use_custom_gutter=&#8220;on&#8220; gutter_width=&#8220;1&#8243; make_equal=&#8220;on&#8220; _builder_version=&#8220;4.16&#8243; background_position=&#8220;center_right&#8220; background_repeat=&#8220;repeat&#8220; max_width=&#8220;1280px&#8220; custom_margin=&#8220;0px||&#8220; custom_padding=&#8220;0px|0px|0px|0px|false|false&#8220; animation_style=&#8220;fade&#8220; use_custom_width=&#8220;on&#8220; custom_width_px=&#8220;1280px&#8220; global_colors_info=&#8220;{}&#8220;][et_pb_column type=&#8220;1_4&#8243; _builder_version=&#8220;4.16&#8243; background_color=&#8220;#ffffff&#8220; custom_padding=&#8220;140px|24px|120px|24px&#8220; custom_padding_tablet=&#8220;&#8220; custom_padding_phone=&#8220;120px|24px|13px|24px|false|false&#8220; custom_padding_last_edited=&#8220;on|phone&#8220; link_option_url=&#8220;https:\/\/www.feuillerage.ch\/de\/Produktkategorie\/die-art-selection\/&#8220; global_colors_info=&#8220;{}&#8220; custom_padding__hover=&#8220;|||&#8220;][et_pb_text _builder_version=&#8220;4.16&#8243; header_4_line_height=&#8220;1.1em&#8220; module_alignment=&#8220;center&#8220; link_option_url=&#8220;https:\/\/www.feuillerage.ch\/de\/Produktkategorie\/die-art-selection\/&#8220; header_4_font_size_tablet=&#8220;&#8220; header_4_font_size_phone=&#8220;35px&#8220; header_4_font_size_last_edited=&#8220;on|desktop&#8220; header_4_line_height_tablet=&#8220;&#8220; header_4_line_height_phone=&#8220;1.2em&#8220; header_4_line_height_last_edited=&#8220;on|desktop&#8220; global_colors_info=&#8220;{}&#8220; header_text_shadow_style__hover=&#8220;none&#8220; header_text_shadow_style__hover_enabled=&#8220;none&#8220;]<\/p>\n<h4 style=\"text-align: center\">Die Selektion Weine<\/h4>\n<p>[\/et_pb_text][et_pb_text _builder_version=&#8220;4.16&#8243; module_alignment=&#8220;center&#8220; link_option_url=&#8220;https:\/\/www.feuillerage.ch\/de\/Produktkategorie\/die-art-selection\/&#8220; locked=&#8220;off&#8220; global_colors_info=&#8220;{}&#8220;]<\/p>\n<p><span style=\"font-size: large\">Dieses Sortiment besteht aus unseren aufw\u00e4ndigsten Weinen, die aus ausgew\u00e4hlten Trauben hergestellt und mit besonderer Sorgfalt vinifiziert werden.<\/span><\/p>\n<p>[\/et_pb_text][et_pb_button button_url=&#8220;https:\/\/www.feuillerage.ch\/de\/Produktkategorie\/die-art-selection\/&#8220; button_text=&#8220;Entdecken Sie&#8220; _builder_version=&#8220;4.16&#8243; _module_preset=&#8220;b2a02753-07df-4ba1-b8e4-689a16da5540&#8243; global_colors_info=&#8220;{}&#8220;][\/et_pb_button][et_pb_text _builder_version=&#8220;4.16&#8243; module_alignment=&#8220;center&#8220; link_option_url=&#8220;https:\/\/www.feuillerage.ch\/de\/Produktkategorie\/die-art-selection\/&#8220; locked=&#8220;off&#8220; global_colors_info=&#8220;{}&#8220;][\/et_pb_text][\/et_pb_column][et_pb_column type=&#8220;1_4&#8243; _builder_version=&#8220;4.16&#8243; background_image=&#8220;https:\/\/www.feuillerage.ch\/wp-content\/uploads\/2019\/08\/DSC_8795-1-Copier-3.jpg&#8220; background_position=&#8220;center_left&#8220; custom_padding=&#8220;48px|24px|120px|24px&#8220; custom_padding_tablet=&#8220;&#8220; custom_padding_phone=&#8220;50px|24px|100px|24px|false|false&#8220; custom_padding_last_edited=&#8220;on|phone&#8220; link_option_url=&#8220;https:\/\/www.feuillerage.ch\/de\/Produktkategorie\/die-art-selection\/&#8220; global_colors_info=&#8220;{}&#8220; custom_padding__hover=&#8220;|||&#8220;][et_pb_divider show_divider=&#8220;off&#8220; _builder_version=&#8220;4.16&#8243; custom_margin=&#8220;||&#8220; custom_padding=&#8220;||&#8220; link_option_url=&#8220;https:\/\/www.feuillerage.ch\/categorie-produit\/les-vins-selection\/&#8220; global_colors_info=&#8220;{}&#8220;]<\/p>\n<p>[\/et_pb_divider][\/et_pb_column][et_pb_column type=&#8220;1_4&#8243; _builder_version=&#8220;4.16&#8243; background_color=&#8220;#ffffff&#8220; custom_padding=&#8220;140px|24px|120px|24px&#8220; custom_padding_tablet=&#8220;&#8220; custom_padding_phone=&#8220;80px|24px|20px|24px|false|false&#8220; custom_padding_last_edited=&#8220;on|phone&#8220; link_option_url=&#8220;https:\/\/www.feuillerage.ch\/de\/Produktkategorie\/die-lieblinge\/&#8220; global_colors_info=&#8220;{}&#8220; custom_padding__hover=&#8220;|||&#8220;][et_pb_text _builder_version=&#8220;4.16&#8243; header_4_line_height=&#8220;1.1em&#8220; module_alignment=&#8220;center&#8220; link_option_url=&#8220;https:\/\/www.feuillerage.ch\/de\/Produktkategorie\/die-lieblinge\/&#8220; header_4_font_size_tablet=&#8220;&#8220; header_4_font_size_phone=&#8220;35px&#8220; header_4_font_size_last_edited=&#8220;on|desktop&#8220; header_4_line_height_tablet=&#8220;&#8220; header_4_line_height_phone=&#8220;1.1em&#8220; header_4_line_height_last_edited=&#8220;on|desktop&#8220; global_colors_info=&#8220;{}&#8220; header_text_shadow_style__hover=&#8220;none&#8220; header_text_shadow_style__hover_enabled=&#8220;none&#8220;]<\/p>\n<h4 style=\"text-align: center\">Unsere Favoriten<\/h4>\n<p>[\/et_pb_text][et_pb_text _builder_version=&#8220;4.16&#8243; module_alignment=&#8220;center&#8220; link_option_url=&#8220;https:\/\/www.feuillerage.ch\/de\/Produktkategorie\/die-lieblinge\/&#8220; locked=&#8220;off&#8220; global_colors_info=&#8220;{}&#8220;]<\/p>\n<p><span style=\"font-size: large\">Jedes Jahr haben wir Weine, die wir mehr m\u00f6gen als andere. Hier ist unsere aktuelle Auswahl.<\/span><\/p>\n<p>[\/et_pb_text][et_pb_button button_url=&#8220;https:\/\/www.feuillerage.ch\/de\/Produktkategorie\/die-lieblinge\/&#8220; button_text=&#8220;Entdecken Sie&#8220; _builder_version=&#8220;4.16&#8243; _module_preset=&#8220;b2a02753-07df-4ba1-b8e4-689a16da5540&#8243; global_colors_info=&#8220;{}&#8220;][\/et_pb_button][\/et_pb_column][et_pb_column type=&#8220;1_4&#8243; disabled_on=&#8220;on|off|off&#8220; _builder_version=&#8220;4.16&#8243; background_image=&#8220;https:\/\/www.feuillerage.ch\/wp-content\/uploads\/2019\/02\/Selection_Doral.jpg&#8220; background_position=&#8220;bottom_center&#8220; custom_padding=&#8220;|||&#8220; custom_padding_tablet=&#8220;&#8220; custom_padding_phone=&#8220;10px||||false|false&#8220; custom_padding_last_edited=&#8220;on|phone&#8220; link_option_url=&#8220;https:\/\/www.feuillerage.ch\/de\/Produktkategorie\/die-lieblinge\/&#8220; global_colors_info=&#8220;{}&#8220; custom_padding__hover=&#8220;|||&#8220;][\/et_pb_column][\/et_pb_row][\/et_pb_section][et_pb_section fb_built=&#8220;1&#8243; _builder_version=&#8220;4.16&#8243; _module_preset=&#8220;default&#8220; global_colors_info=&#8220;{}&#8220;][et_pb_row column_structure=&#8220;2_5,3_5&#8243; _builder_version=&#8220;4.16&#8243; _module_preset=&#8220;default&#8220; global_colors_info=&#8220;{}&#8220;][et_pb_column type=&#8220;2_5&#8243; _builder_version=&#8220;4.16&#8243; _module_preset=&#8220;default&#8220; global_colors_info=&#8220;{}&#8220;][et_pb_signup provider=&#8220;sendinblue&#8220; sendinblue_list=&#8220;Feuillerage|8&#8243; layout=&#8220;top_bottom&#8220; first_name_field=&#8220;off&#8220; last_name_field=&#8220;off&#8220; use_custom_fields=&#8220;on&#8220; success_message=&#8220;Vielen Dank f\u00fcr Ihre Anmeldung&#8220; title=&#8220;Was w\u00e4re, wenn wir verbunden blieben? &#8220; button_text=&#8220;Abonnieren Sie den Newsletter&#8220; description=&#8220;<\/p>\n<p>Ja, hier gibt es keinen SPAM. Wir werden Ihnen ein paar E-Mails im Jahr schicken, aber nur, um Sie \u00fcber unsere Veranstaltungen und Aktionen zu informieren.<\/p>\n<p>&#8220; footer_content=&#8220;<\/p>\n<p>Abbestellen mit 1 Klick.<\/p>\n<p>&#8220; _builder_version=&#8220;4.17.4&#8243; _module_preset=&#8220;default&#8220; header_font_size=&#8220;29px&#8220; header_line_height=&#8220;1.1em&#8220; max_width=&#8220;100%&#8220; max_width_tablet=&#8220;100%&#8220; max_width_phone=&#8220;&#8220; max_width_last_edited=&#8220;on|tablet&#8220; custom_margin=&#8220;|||0px|false|false&#8220; sticky_limit_top=&#8220;body&#8220; scroll_horizontal_motion=&#8220;0|50|50|100|15|0|-4&#8243; border_radii=&#8220;on|35px|35px|35px|35px&#8220; border_radii_tablet=&#8220;&#8220; border_radii_phone=&#8220;on|0px|0px|0px|0px&#8220; border_radii_last_edited=&#8220;on|phone&#8220; global_colors_info=&#8220;{}&#8220;][\/et_pb_signup][\/et_pb_column][et_pb_column type=&#8220;3_5&#8243; _builder_version=&#8220;4.16&#8243; _module_preset=&#8220;default&#8220; global_colors_info=&#8220;{}&#8220;][et_pb_image src=&#8220;https:\/\/www.feuillerage.ch\/wp-content\/uploads\/2020\/12\/CesareMarchitto-9036.jpg&#8220; alt=&#8220;Rebe hinter der Feuillerage&#8220; title_text=&#8220;Weinberg im Norden&#8220; align_tablet=&#8220;center&#8220; align_phone=&#8220;&#8220; align_last_edited=&#8220;on|desktop&#8220; _builder_version=&#8220;4.16&#8243; custom_margin=&#8220;|||-29px&#8220; global_colors_info=&#8220;{}&#8220;]<\/p>\n<p>[\/et_pb_image][\/et_pb_column][\/et_pb_row][\/et_pb_section][et_pb_section fb_built=&#8220;1&#8243; admin_label=&#8220;Fresh Ingredients&#8220; _builder_version=&#8220;4.16&#8243; background_color=&#8220;#00344c&#8220; custom_padding=&#8220;60px|0px|47px|0px|false|false&#8220; global_colors_info=&#8220;{}&#8220;][et_pb_row _builder_version=&#8220;4.16&#8243; background_size=&#8220;initial&#8220; background_position=&#8220;top_left&#8220; background_repeat=&#8220;repeat&#8220; custom_padding=&#8220;27px|0px|27px|0px&#8220; custom_width_px=&#8220;1774px&#8220; global_colors_info=&#8220;{}&#8220;][et_pb_column type=&#8220;4_4&#8243; _builder_version=&#8220;4.16&#8243; custom_padding=&#8220;|||&#8220; global_colors_info=&#8220;{}&#8220; custom_padding__hover=&#8220;|||&#8220;][et_pb_text _builder_version=&#8220;4.16&#8243; text_font=&#8220;||||||||&#8220; header_font=&#8220;||||||||&#8220; header_3_font=&#8220;Montserrat|700||on|||||&#8220; header_3_text_color=&#8220;#bfbfbf&#8220; header_3_font_size=&#8220;14px&#8220; header_3_letter_spacing=&#8220;2px&#8220; header_3_line_height=&#8220;1.3em&#8220; background_size=&#8220;initial&#8220; background_position=&#8220;top_left&#8220; background_repeat=&#8220;repeat&#8220; text_orientation=&#8220;center&#8220; module_alignment=&#8220;center&#8220; custom_margin=&#8220;||12px|&#8220; custom_padding=&#8220;|||&#8220; animation_style=&#8220;slide&#8220; animation_direction=&#8220;bottom&#8220; saved_tabs=&#8220;all&#8220; locked=&#8220;off&#8220; global_colors_info=&#8220;{}&#8220; text_letter_spacing__hover=&#8220;0px&#8220; text_letter_spacing__hover_enabled=&#8220;0px&#8220; text_line_height__hover=&#8220;1.7em&#8220; text_line_height__hover_enabled=&#8220;1.7em&#8220; text_orientation__hover=&#8220;left&#8220; text_orientation__hover_enabled=&#8220;left&#8220; text_font_size__hover=&#8220;14px&#8220; text_font_size__hover_enabled=&#8220;14px&#8220; text_text_shadow_style__hover=&#8220;none&#8220; text_text_shadow_style__hover_enabled=&#8220;none&#8220; text_text_shadow_color__hover=&#8220;rgba(0,0,0,0.4)&#8220; text_text_shadow_color__hover_enabled=&#8220;rgba(0,0,0,0.4)&#8220; link_font_size__hover=&#8220;14px&#8220; link_font_size__hover_enabled=&#8220;14px&#8220; link_letter_spacing__hover=&#8220;0px&#8220; link_letter_spacing__hover_enabled=&#8220;0px&#8220; link_line_height__hover=&#8220;1em&#8220; link_line_height__hover_enabled=&#8220;1em&#8220; link_text_shadow_style__hover=&#8220;none&#8220; link_text_shadow_style__hover_enabled=&#8220;none&#8220; link_text_shadow_color__hover=&#8220;rgba(0,0,0,0.4)&#8220; link_text_shadow_color__hover_enabled=&#8220;rgba(0,0,0,0.4)&#8220; ul_font_size__hover=&#8220;14px&#8220; ul_font_size__hover_enabled=&#8220;14px&#8220; ul_letter_spacing__hover=&#8220;0px&#8220; ul_letter_spacing__hover_enabled=&#8220;0px&#8220; ul_line_height__hover=&#8220;1em&#8220; ul_line_height__hover_enabled=&#8220;1em&#8220; ul_text_shadow_style__hover=&#8220;none&#8220; ul_text_shadow_style__hover_enabled=&#8220;none&#8220; ul_text_shadow_color__hover=&#8220;rgba(0,0,0,0.4)&#8220; ul_text_shadow_color__hover_enabled=&#8220;rgba(0,0,0,0.4)&#8220; ol_font_size__hover=&#8220;14px&#8220; ol_font_size__hover_enabled=&#8220;14px&#8220; ol_letter_spacing__hover=&#8220;0px&#8220; ol_letter_spacing__hover_enabled=&#8220;0px&#8220; ol_line_height__hover=&#8220;1em&#8220; ol_line_height__hover_enabled=&#8220;1em&#8220; ol_text_shadow_style__hover=&#8220;none&#8220; ol_text_shadow_style__hover_enabled=&#8220;none&#8220; ol_text_shadow_color__hover=&#8220;rgba(0,0,0,0.4)&#8220; ol_text_shadow_color__hover_enabled=&#8220;rgba(0,0,0,0.4)&#8220; quote_font_size__hover=&#8220;14px&#8220; quote_font_size__hover_enabled=&#8220;14px&#8220; quote_letter_spacing__hover=&#8220;0px&#8220; quote_letter_spacing__hover_enabled=&#8220;0px&#8220; quote_line_height__hover=&#8220;1em&#8220; quote_line_height__hover_enabled=&#8220;1em&#8220; quote_text_shadow_style__hover=&#8220;none&#8220; quote_text_shadow_style__hover_enabled=&#8220;none&#8220; quote_text_shadow_color__hover=&#8220;rgba(0,0,0,0.4)&#8220; quote_text_shadow_color__hover_enabled=&#8220;rgba(0,0,0,0.4)&#8220; background_layout__hover=&#8220;light&#8220; background_layout__hover_enabled=&#8220;light&#8220;]<\/p>\n<h3>Ein Leitsatz<\/h3>\n<p>[\/et_pb_text][et_pb_divider show_divider=&#8220;off&#8220; _builder_version=&#8220;4.16&#8243; max_width=&#8220;60px&#8220; module_alignment=&#8220;center&#8220; custom_margin=&#8220;||10px|&#8220; saved_tabs=&#8220;all&#8220; locked=&#8220;off&#8220; global_colors_info=&#8220;{}&#8220;]<\/p>\n<p>[\/et_pb_divider][et_pb_text _builder_version=&#8220;4.16&#8243; header_2_line_height=&#8220;1.1em&#8220; header_2_text_align_tablet=&#8220;center&#8220; header_2_text_align_phone=&#8220;&#8220; header_2_text_align_last_edited=&#8220;on|desktop&#8220; global_colors_info=&#8220;{}&#8220;]<\/p>\n<h2>Qualit\u00e4t, unser t\u00e4gliches Ziel<\/h2>\n<p>[\/et_pb_text][et_pb_text _builder_version=&#8220;4.16&#8243; text_font=&#8220;Montserrat||||&#8220; text_text_color=&#8220;#939393&#8243; text_font_size=&#8220;17px&#8220; text_line_height=&#8220;1.8em&#8220; header_font=&#8220;||||&#8220; background_size=&#8220;initial&#8220; background_position=&#8220;top_left&#8220; background_repeat=&#8220;repeat&#8220; text_orientation=&#8220;center&#8220; max_width=&#8220;700px&#8220; module_alignment=&#8220;center&#8220; animation_style=&#8220;slide&#8220; animation_direction=&#8220;top&#8220; animation_intensity_slide=&#8220;4%&#8220; global_colors_info=&#8220;{}&#8220;]<\/p>\n<p style=\"text-align: center\"><span style=\"color: #b5b5b5\"><span style=\"font-size: x-large\">Kultivieren Sie den Weinstock, in Partnerschaft mit der Natur. <\/span><span style=\"font-size: x-large\">Dies ist eine Idee, die unser t\u00e4gliches Handeln leitet.<\/span><\/span><\/p>\n<p>[\/et_pb_text][\/et_pb_column][\/et_pb_row][et_pb_row column_structure=&#8220;1_3,1_3,1_3&#8243; _builder_version=&#8220;4.16&#8243; global_colors_info=&#8220;{}&#8220;][et_pb_column type=&#8220;1_3&#8243; _builder_version=&#8220;4.16&#8243; custom_padding=&#8220;|||&#8220; global_colors_info=&#8220;{}&#8220; custom_padding__hover=&#8220;|||&#8220;][et_pb_blurb title=&#8220;Wir innovieren im Weinberg&#8220; use_icon=&#8220;on&#8220; font_icon=&#8220;&#xe0f7;||divi||400&#8243; _builder_version=&#8220;4.16&#8243; header_level=&#8220;h5&#8243; header_font_size_tablet=&#8220;23px&#8220; header_font_size_phone=&#8220;&#8220; header_font_size_last_edited=&#8220;on|desktop&#8220; body_font_size_tablet=&#8220;35px&#8220; body_font_size_phone=&#8220;&#8220; body_font_size_last_edited=&#8220;on|desktop&#8220; global_colors_info=&#8220;{}&#8220;]<\/p>\n<div class=\"page\" title=\"Seite 2\">\n<div class=\"layoutArea\">\n<div class=\"column\">\n<p><span style=\"color: #9b9b9b;\">Immer auf der Suche nach den besten Weinbautechniken, richten wir auf einer unserer Parzellen einen Versuch zum biologischen Anbau ein und auf einer anderen erneuern wir f\u00fcr das zweite Jahr den Versuch, eine verbesserte Pflanzendecke zu etablieren. Diese Abdeckung, die aus einem Pflanzencocktail besteht, erm\u00f6glicht es uns, das Leben des Bodens zu verbessern, die Bodenverdichtung zu begrenzen und vor allem die Rebe mit N\u00e4hrstoffen zu versorgen, wenn diese Abdeckung zerst\u00f6rt wird. Mit dieser Arbeit versorgen wir die Rebe mit einem 100% nat\u00fcrlichen D\u00fcnger.<\/span><\/p>\n<p>&nbsp;<\/p>\n<\/div>\n<\/div>\n<\/div>\n<p>[\/et_pb_blurb][\/et_pb_column][et_pb_column type=&#8220;1_3&#8243; _builder_version=&#8220;4.16&#8243; custom_padding=&#8220;|||&#8220; global_colors_info=&#8220;{}&#8220; custom_padding__hover=&#8220;|||&#8220;][et_pb_blurb title=&#8220;Der Natur zuh\u00f6ren&#8220; use_icon=&#8220;on&#8220; font_icon=&#8220;&#xe0ff;||divi||400&#8243; _builder_version=&#8220;4.16&#8243; header_level=&#8220;h5&#8243; header_font_size_tablet=&#8220;23px&#8220; header_font_size_phone=&#8220;&#8220; header_font_size_last_edited=&#8220;on|desktop&#8220; global_colors_info=&#8220;{}&#8220;]<\/p>\n<div class=\"page\" title=\"Seite 2\">\n<div class=\"layoutArea\">\n<div class=\"column\">\n<p><span style=\"color: #9b9b9b\">Wir streben danach, der Pflanze und unseren B\u00f6den so nahe wie m\u00f6glich zu sein, um sie zu verstehen und zu respektieren, um im Einklang mit der Natur zu arbeiten.<\/span><\/p>\n<p>&nbsp;<\/p>\n<\/div>\n<\/div>\n<\/div>\n<p>[\/et_pb_blurb][\/et_pb_column][et_pb_column type=&#8220;1_3&#8243; _builder_version=&#8220;4.16&#8243; custom_padding=&#8220;|||&#8220; global_colors_info=&#8220;{}&#8220; custom_padding__hover=&#8220;|||&#8220;][et_pb_blurb title=&#8220;Der Boden, nichts als der Boden&#8220; use_icon=&#8220;on&#8220; font_icon=&#8220;&#xe081;||divi||400&#8243; _builder_version=&#8220;4.16&#8243; header_level=&#8220;h5&#8243; header_font_size_tablet=&#8220;23px&#8220; header_font_size_phone=&#8220;&#8220; header_font_size_last_edited=&#8220;on|desktop&#8220; global_colors_info=&#8220;{}&#8220;]<\/p>\n<div class=\"page\" title=\"Seite 2\">\n<div class=\"layoutArea\">\n<div class=\"column\">\n<div class=\"page\" title=\"Seite 2\">\n<div class=\"layoutArea\">\n<div class=\"column\">\n<p><span style=\"color: #9b9b9b\">Wir haben den Bodenschutz zu einer Priorit\u00e4t in unserer Vision des Umweltschutzes gemacht. Der Boden stellt in unseren Augen das Lebenskapital unseres Planeten dar und wir haben beschlossen, L\u00f6sungen zu implementieren, um seine Qualit\u00e4t zu erhalten oder zu verbessern. <\/span><\/p>\n<p><span style=\"color: #9b9b9b\">Damit ein Boden lebendig ist, muss er atmen k\u00f6nnen, von kleinen und gro\u00dfen Organismen bewohnt werden und einen ausreichenden Gehalt an organischer Substanz haben, um all diese Organismen sowie die Rebe zu ern\u00e4hren. Wir verwenden keine Herbizide mehr auf unserem Anwesen, mit Ausnahme einiger weniger Parzellen, die zu steil und erosionsgef\u00e4hrdet sind. <\/span><\/p>\n<p><span style=\"color: #9b9b9b\">Unsere Fahrzeuge sind mit Reifen ausgestattet, die den Effekt der Verdichtung durch die wiederholte Durchfahrt von Traktoren begrenzen, und wir versuchen, maximal auf trockenem Boden zu arbeiten. Wir bringen auch mehr und mehr Kompost auf unsere Parzellen.<\/span><\/p>\n<\/div>\n<\/div>\n<\/div>\n<p>&nbsp;<\/p>\n<\/div>\n<\/div>\n<\/div>\n<p>[\/et_pb_blurb][\/et_pb_column][\/et_pb_row][\/et_pb_section]<\/p>\n","protected":false},"excerpt":{"rendered":"<p>Domaine du Feuillerage &#8211; Perroy Unsere GeschichteDie Domaine du Feuillerage ist seit 1902 im Besitz der Familie Gaillard. Winzer von Generation zu Generation, sind nun wir, Roland und C\u00e9dric, Vater und Sohn, an der Reihe, dieses Familiengut in Perroy zu bewirtschaften. Als erfahrener Winzer und junger diplomierter \u00d6nologe arbeiten wir gemeinsam daran, die Geschichte dieses [&hellip;]<\/p>\n","protected":false},"author":2,"featured_media":0,"parent":0,"menu_order":0,"comment_status":"closed","ping_status":"closed","template":"","meta":{"_acf_changed":false,"_et_pb_use_builder":"on","_et_pb_old_content":"","_et_gb_content_width":"","footnotes":""},"class_list":["post-237318","page","type-page","status-publish","hentry"],"acf":[],"yoast_head":"<!-- This site is optimized with the Yoast SEO plugin v25.6 - https:\/\/yoast.com\/wordpress\/plugins\/seo\/ -->\n<title>Feuillerage Weingut - Perroy - Waadt - La C\u00f4te - Rot- und Wei\u00dfweine<\/title>\n<meta name=\"description\" content=\"Le Feuillerage, gelegen in Perroy an der C\u00f4te im Kanton Waadt, wird von C\u00e9dric und Roland Gaillard betrieben. Rot- und Wei\u00dfweine, die sich abheben.\" \/>\n<meta name=\"robots\" content=\"index, follow, max-snippet:-1, max-image-preview:large, max-video-preview:-1\" \/>\n<link rel=\"canonical\" href=\"https:\/\/www.feuillerage.ch\/de\/\" \/>\n<meta property=\"og:locale\" content=\"de_DE\" \/>\n<meta property=\"og:type\" content=\"article\" \/>\n<meta property=\"og:title\" content=\"Feuillerage Weingut - Perroy - Waadt - La C\u00f4te - Rot- und Wei\u00dfweine\" \/>\n<meta property=\"og:description\" content=\"Le Feuillerage, gelegen in Perroy an der C\u00f4te im Kanton Waadt, wird von C\u00e9dric und Roland Gaillard betrieben. Rot- und Wei\u00dfweine, die sich abheben.\" \/>\n<meta property=\"og:url\" content=\"https:\/\/www.feuillerage.ch\/de\/\" \/>\n<meta property=\"og:site_name\" content=\"Feuillerage Weingut\" \/>\n<meta property=\"article:publisher\" content=\"https:\/\/m.facebook.com\/feuillerage\/?ref=ts\" \/>\n<meta property=\"article:modified_time\" content=\"2023-04-08T15:33:04+00:00\" \/>\n<meta name=\"twitter:card\" content=\"summary_large_image\" \/>\n<meta name=\"twitter:label1\" content=\"Gesch\u00e4tzte Lesezeit\" \/>\n\t<meta name=\"twitter:data1\" content=\"30\u00a0Minuten\" \/>\n<script type=\"application\/ld+json\" class=\"yoast-schema-graph\">{\"@context\":\"https:\/\/schema.org\",\"@graph\":[{\"@type\":\"WebPage\",\"@id\":\"https:\/\/www.feuillerage.ch\/de\/\",\"url\":\"https:\/\/www.feuillerage.ch\/de\/\",\"name\":\"Feuillerage Weingut - Perroy - Waadt - La C\u00f4te - Rot- und Wei\u00dfweine\",\"isPartOf\":{\"@id\":\"https:\/\/www.feuillerage.ch\/de\/#website\"},\"datePublished\":\"2021-01-15T13:42:01+00:00\",\"dateModified\":\"2023-04-08T15:33:04+00:00\",\"description\":\"Le Feuillerage, gelegen in Perroy an der C\u00f4te im Kanton Waadt, wird von C\u00e9dric und Roland Gaillard betrieben. Rot- und Wei\u00dfweine, die sich abheben.\",\"breadcrumb\":{\"@id\":\"https:\/\/www.feuillerage.ch\/de\/#breadcrumb\"},\"inLanguage\":\"de\",\"potentialAction\":[{\"@type\":\"ReadAction\",\"target\":[\"https:\/\/www.feuillerage.ch\/de\/\"]}]},{\"@type\":\"BreadcrumbList\",\"@id\":\"https:\/\/www.feuillerage.ch\/de\/#breadcrumb\",\"itemListElement\":[{\"@type\":\"ListItem\",\"position\":1,\"name\":\"Accueil\",\"item\":\"https:\/\/www.feuillerage.ch\/de\/\"},{\"@type\":\"ListItem\",\"position\":2,\"name\":\"Unser Weingut\"}]},{\"@type\":\"WebSite\",\"@id\":\"https:\/\/www.feuillerage.ch\/de\/#website\",\"url\":\"https:\/\/www.feuillerage.ch\/de\/\",\"name\":\"Feuillerage Weingut\",\"description\":\"Vignerons sur la C\u00f4te vaudoise\",\"publisher\":{\"@id\":\"https:\/\/www.feuillerage.ch\/de\/#organization\"},\"potentialAction\":[{\"@type\":\"SearchAction\",\"target\":{\"@type\":\"EntryPoint\",\"urlTemplate\":\"https:\/\/www.feuillerage.ch\/de\/?s={search_term_string}\"},\"query-input\":{\"@type\":\"PropertyValueSpecification\",\"valueRequired\":true,\"valueName\":\"search_term_string\"}}],\"inLanguage\":\"de\"},{\"@type\":\"Organization\",\"@id\":\"https:\/\/www.feuillerage.ch\/de\/#organization\",\"name\":\"Domaine du Feuillerage\",\"url\":\"https:\/\/www.feuillerage.ch\/de\/\",\"logo\":{\"@type\":\"ImageObject\",\"inLanguage\":\"de\",\"@id\":\"https:\/\/www.feuillerage.ch\/de\/#\/schema\/logo\/image\/\",\"url\":\"https:\/\/www.feuillerage.ch\/wp-content\/uploads\/2019\/01\/Logo-encore-petit.png\",\"contentUrl\":\"https:\/\/www.feuillerage.ch\/wp-content\/uploads\/2019\/01\/Logo-encore-petit.png\",\"width\":2880,\"height\":1824,\"caption\":\"Domaine du Feuillerage\"},\"image\":{\"@id\":\"https:\/\/www.feuillerage.ch\/de\/#\/schema\/logo\/image\/\"},\"sameAs\":[\"https:\/\/m.facebook.com\/feuillerage\/?ref=ts\"]}]}<\/script>\n<!-- \/ Yoast SEO plugin. -->","yoast_head_json":{"title":"Feuillerage Weingut - Perroy - Waadt - La C\u00f4te - Rot- und Wei\u00dfweine","description":"Le Feuillerage, gelegen in Perroy an der C\u00f4te im Kanton Waadt, wird von C\u00e9dric und Roland Gaillard betrieben. Rot- und Wei\u00dfweine, die sich abheben.","robots":{"index":"index","follow":"follow","max-snippet":"max-snippet:-1","max-image-preview":"max-image-preview:large","max-video-preview":"max-video-preview:-1"},"canonical":"https:\/\/www.feuillerage.ch\/de\/","og_locale":"de_DE","og_type":"article","og_title":"Feuillerage Weingut - Perroy - Waadt - La C\u00f4te - Rot- und Wei\u00dfweine","og_description":"Le Feuillerage, gelegen in Perroy an der C\u00f4te im Kanton Waadt, wird von C\u00e9dric und Roland Gaillard betrieben. Rot- und Wei\u00dfweine, die sich abheben.","og_url":"https:\/\/www.feuillerage.ch\/de\/","og_site_name":"Feuillerage Weingut","article_publisher":"https:\/\/m.facebook.com\/feuillerage\/?ref=ts","article_modified_time":"2023-04-08T15:33:04+00:00","twitter_card":"summary_large_image","twitter_misc":{"Gesch\u00e4tzte Lesezeit":"30\u00a0Minuten"},"schema":{"@context":"https:\/\/schema.org","@graph":[{"@type":"WebPage","@id":"https:\/\/www.feuillerage.ch\/de\/","url":"https:\/\/www.feuillerage.ch\/de\/","name":"Feuillerage Weingut - Perroy - Waadt - La C\u00f4te - Rot- und Wei\u00dfweine","isPartOf":{"@id":"https:\/\/www.feuillerage.ch\/de\/#website"},"datePublished":"2021-01-15T13:42:01+00:00","dateModified":"2023-04-08T15:33:04+00:00","description":"Le Feuillerage, gelegen in Perroy an der C\u00f4te im Kanton Waadt, wird von C\u00e9dric und Roland Gaillard betrieben. Rot- und Wei\u00dfweine, die sich abheben.","breadcrumb":{"@id":"https:\/\/www.feuillerage.ch\/de\/#breadcrumb"},"inLanguage":"de","potentialAction":[{"@type":"ReadAction","target":["https:\/\/www.feuillerage.ch\/de\/"]}]},{"@type":"BreadcrumbList","@id":"https:\/\/www.feuillerage.ch\/de\/#breadcrumb","itemListElement":[{"@type":"ListItem","position":1,"name":"Accueil","item":"https:\/\/www.feuillerage.ch\/de\/"},{"@type":"ListItem","position":2,"name":"Unser Weingut"}]},{"@type":"WebSite","@id":"https:\/\/www.feuillerage.ch\/de\/#website","url":"https:\/\/www.feuillerage.ch\/de\/","name":"Feuillerage Weingut","description":"Vignerons sur la C\u00f4te vaudoise","publisher":{"@id":"https:\/\/www.feuillerage.ch\/de\/#organization"},"potentialAction":[{"@type":"SearchAction","target":{"@type":"EntryPoint","urlTemplate":"https:\/\/www.feuillerage.ch\/de\/?s={search_term_string}"},"query-input":{"@type":"PropertyValueSpecification","valueRequired":true,"valueName":"search_term_string"}}],"inLanguage":"de"},{"@type":"Organization","@id":"https:\/\/www.feuillerage.ch\/de\/#organization","name":"Domaine du Feuillerage","url":"https:\/\/www.feuillerage.ch\/de\/","logo":{"@type":"ImageObject","inLanguage":"de","@id":"https:\/\/www.feuillerage.ch\/de\/#\/schema\/logo\/image\/","url":"https:\/\/www.feuillerage.ch\/wp-content\/uploads\/2019\/01\/Logo-encore-petit.png","contentUrl":"https:\/\/www.feuillerage.ch\/wp-content\/uploads\/2019\/01\/Logo-encore-petit.png","width":2880,"height":1824,"caption":"Domaine du Feuillerage"},"image":{"@id":"https:\/\/www.feuillerage.ch\/de\/#\/schema\/logo\/image\/"},"sameAs":["https:\/\/m.facebook.com\/feuillerage\/?ref=ts"]}]}},"_links":{"self":[{"href":"https:\/\/www.feuillerage.ch\/de\/wp-json\/wp\/v2\/pages\/237318"}],"collection":[{"href":"https:\/\/www.feuillerage.ch\/de\/wp-json\/wp\/v2\/pages"}],"about":[{"href":"https:\/\/www.feuillerage.ch\/de\/wp-json\/wp\/v2\/types\/page"}],"author":[{"embeddable":true,"href":"https:\/\/www.feuillerage.ch\/de\/wp-json\/wp\/v2\/users\/2"}],"replies":[{"embeddable":true,"href":"https:\/\/www.feuillerage.ch\/de\/wp-json\/wp\/v2\/comments?post=237318"}],"version-history":[{"count":0,"href":"https:\/\/www.feuillerage.ch\/de\/wp-json\/wp\/v2\/pages\/237318\/revisions"}],"wp:attachment":[{"href":"https:\/\/www.feuillerage.ch\/de\/wp-json\/wp\/v2\/media?parent=237318"}],"curies":[{"name":"wp","href":"https:\/\/api.w.org\/{rel}","templated":true}]}}