{"id":237506,"date":"2019-08-10T18:57:48","date_gmt":"2019-08-10T16:57:48","guid":{"rendered":"https:\/\/www.feuillerage.ch\/produit\/gamaret-garanoir-eichenfass\/"},"modified":"2021-01-20T13:36:46","modified_gmt":"2021-01-20T12:36:46","slug":"gamaret-garanoir-einchenfass","status":"publish","type":"product","link":"https:\/\/www.feuillerage.ch\/de\/produit\/gamaret-garanoir-einchenfass\/","title":{"rendered":"Gamaret Garanoir &#8211; Eichenfass"},"content":{"rendered":"<p>Ein Verschnitt aus zwei roten Rebsorten, der elf Monate in Eichenf\u00e4ssern reifte und dabei ein leichtes Vanillearoma und die zus\u00e4tzlichen Tannine entwickelte, die mit der Reifung im Holz verbunden sind. Seine Aromen von Gew\u00fcrzen und schwarzen Fr\u00fcchten werden am Gaumen von einem gewissen Volumen begleitet, das ihm eine cremige Seite verleiht.<\/p>\n","protected":false},"excerpt":{"rendered":"<p>Ein Verschnitt aus zwei roten Rebsorten, der elf Monate in Eichenf\u00e4ssern reifte und dabei ein leichtes Vanillearoma und die zus\u00e4tzlichen Tannine entwickelte, die mit der Reifung im Holz verbunden sind. Seine Aromen von Gew\u00fcrzen und schwarzen Fr\u00fcchten werden am Gaumen von einem gewissen Volumen begleitet, das ihm eine cremige Seite verleiht.<\/p>\n","protected":false},"featured_media":237084,"template":"","meta":{"_acf_changed":false,"_et_pb_use_builder":"","_et_pb_old_content":"","_et_gb_content_width":""},"product_brand":[],"product_cat":[175,119],"product_tag":[],"class_list":{"0":"post-237506","1":"product","2":"type-product","3":"status-publish","4":"has-post-thumbnail","6":"product_cat-herz-der-domane","7":"product_cat-rotweine","8":"product_shipping_class-bt","10":"first","11":"instock","12":"shipping-taxable","13":"purchasable","14":"product-type-variable"},"acf":[],"yoast_head":"<!-- This site is optimized with the Yoast SEO plugin v25.6 - https:\/\/yoast.com\/wordpress\/plugins\/seo\/ -->\n<title>Gamaret Garanoir - Eichenfass - Feuillerage Weingut<\/title>\n<meta name=\"robots\" content=\"index, follow, max-snippet:-1, max-image-preview:large, max-video-preview:-1\" \/>\n<link rel=\"canonical\" href=\"https:\/\/www.feuillerage.ch\/de\/produit\/gamaret-garanoir-einchenfass\/\" \/>\n<meta property=\"og:locale\" content=\"de_DE\" \/>\n<meta property=\"og:type\" content=\"article\" \/>\n<meta property=\"og:title\" content=\"Gamaret Garanoir - Eichenfass - Feuillerage Weingut\" \/>\n<meta property=\"og:description\" content=\"Ein Verschnitt aus zwei roten Rebsorten, der elf Monate in Eichenf\u00e4ssern reifte und dabei ein leichtes Vanillearoma und die zus\u00e4tzlichen Tannine entwickelte, die mit der Reifung im Holz verbunden sind. Seine Aromen von Gew\u00fcrzen und schwarzen Fr\u00fcchten werden am Gaumen von einem gewissen Volumen begleitet, das ihm eine cremige Seite verleiht.\" \/>\n<meta property=\"og:url\" content=\"https:\/\/www.feuillerage.ch\/de\/produit\/gamaret-garanoir-einchenfass\/\" \/>\n<meta property=\"og:site_name\" content=\"Feuillerage Weingut\" \/>\n<meta property=\"article:publisher\" content=\"https:\/\/m.facebook.com\/feuillerage\/?ref=ts\" \/>\n<meta property=\"article:modified_time\" content=\"2021-01-20T12:36:46+00:00\" \/>\n<meta property=\"og:image\" content=\"https:\/\/www.feuillerage.ch\/wp-content\/uploads\/2019\/08\/Gamaret-Garanoir_Chene.jpg\" \/>\n\t<meta property=\"og:image:width\" content=\"1080\" \/>\n\t<meta property=\"og:image:height\" content=\"1620\" \/>\n\t<meta property=\"og:image:type\" content=\"image\/jpeg\" \/>\n<meta name=\"twitter:card\" content=\"summary_large_image\" \/>\n<script type=\"application\/ld+json\" class=\"yoast-schema-graph\">{\"@context\":\"https:\/\/schema.org\",\"@graph\":[{\"@type\":\"WebPage\",\"@id\":\"https:\/\/www.feuillerage.ch\/de\/produit\/gamaret-garanoir-einchenfass\/\",\"url\":\"https:\/\/www.feuillerage.ch\/de\/produit\/gamaret-garanoir-einchenfass\/\",\"name\":\"Gamaret Garanoir - Eichenfass - Feuillerage Weingut\",\"isPartOf\":{\"@id\":\"https:\/\/www.feuillerage.ch\/de\/#website\"},\"primaryImageOfPage\":{\"@id\":\"https:\/\/www.feuillerage.ch\/de\/produit\/gamaret-garanoir-einchenfass\/#primaryimage\"},\"image\":{\"@id\":\"https:\/\/www.feuillerage.ch\/de\/produit\/gamaret-garanoir-einchenfass\/#primaryimage\"},\"thumbnailUrl\":\"https:\/\/www.feuillerage.ch\/wp-content\/uploads\/2019\/08\/Gamaret-Garanoir_Chene.jpg\",\"datePublished\":\"2019-08-10T16:57:48+00:00\",\"dateModified\":\"2021-01-20T12:36:46+00:00\",\"breadcrumb\":{\"@id\":\"https:\/\/www.feuillerage.ch\/de\/produit\/gamaret-garanoir-einchenfass\/#breadcrumb\"},\"inLanguage\":\"de\",\"potentialAction\":[{\"@type\":\"ReadAction\",\"target\":[\"https:\/\/www.feuillerage.ch\/de\/produit\/gamaret-garanoir-einchenfass\/\"]}]},{\"@type\":\"ImageObject\",\"inLanguage\":\"de\",\"@id\":\"https:\/\/www.feuillerage.ch\/de\/produit\/gamaret-garanoir-einchenfass\/#primaryimage\",\"url\":\"https:\/\/www.feuillerage.ch\/wp-content\/uploads\/2019\/08\/Gamaret-Garanoir_Chene.jpg\",\"contentUrl\":\"https:\/\/www.feuillerage.ch\/wp-content\/uploads\/2019\/08\/Gamaret-Garanoir_Chene.jpg\",\"width\":1080,\"height\":1620},{\"@type\":\"BreadcrumbList\",\"@id\":\"https:\/\/www.feuillerage.ch\/de\/produit\/gamaret-garanoir-einchenfass\/#breadcrumb\",\"itemListElement\":[{\"@type\":\"ListItem\",\"position\":1,\"name\":\"Accueil\",\"item\":\"https:\/\/www.feuillerage.ch\/de\/\"},{\"@type\":\"ListItem\",\"position\":2,\"name\":\"Unsere Weine\",\"item\":\"https:\/\/www.feuillerage.ch\/de\/unsere-weine\/\"},{\"@type\":\"ListItem\",\"position\":3,\"name\":\"Gamaret Garanoir &#8211; Eichenfass\"}]},{\"@type\":\"WebSite\",\"@id\":\"https:\/\/www.feuillerage.ch\/de\/#website\",\"url\":\"https:\/\/www.feuillerage.ch\/de\/\",\"name\":\"Feuillerage Weingut\",\"description\":\"Vignerons sur la C\u00f4te vaudoise\",\"publisher\":{\"@id\":\"https:\/\/www.feuillerage.ch\/de\/#organization\"},\"potentialAction\":[{\"@type\":\"SearchAction\",\"target\":{\"@type\":\"EntryPoint\",\"urlTemplate\":\"https:\/\/www.feuillerage.ch\/de\/?s={search_term_string}\"},\"query-input\":{\"@type\":\"PropertyValueSpecification\",\"valueRequired\":true,\"valueName\":\"search_term_string\"}}],\"inLanguage\":\"de\"},{\"@type\":\"Organization\",\"@id\":\"https:\/\/www.feuillerage.ch\/de\/#organization\",\"name\":\"Domaine du Feuillerage\",\"url\":\"https:\/\/www.feuillerage.ch\/de\/\",\"logo\":{\"@type\":\"ImageObject\",\"inLanguage\":\"de\",\"@id\":\"https:\/\/www.feuillerage.ch\/de\/#\/schema\/logo\/image\/\",\"url\":\"https:\/\/www.feuillerage.ch\/wp-content\/uploads\/2019\/01\/Logo-encore-petit.png\",\"contentUrl\":\"https:\/\/www.feuillerage.ch\/wp-content\/uploads\/2019\/01\/Logo-encore-petit.png\",\"width\":2880,\"height\":1824,\"caption\":\"Domaine du Feuillerage\"},\"image\":{\"@id\":\"https:\/\/www.feuillerage.ch\/de\/#\/schema\/logo\/image\/\"},\"sameAs\":[\"https:\/\/m.facebook.com\/feuillerage\/?ref=ts\"]}]}<\/script>\n<!-- \/ Yoast SEO plugin. -->","yoast_head_json":{"title":"Gamaret Garanoir - Eichenfass - Feuillerage Weingut","robots":{"index":"index","follow":"follow","max-snippet":"max-snippet:-1","max-image-preview":"max-image-preview:large","max-video-preview":"max-video-preview:-1"},"canonical":"https:\/\/www.feuillerage.ch\/de\/produit\/gamaret-garanoir-einchenfass\/","og_locale":"de_DE","og_type":"article","og_title":"Gamaret Garanoir - Eichenfass - Feuillerage Weingut","og_description":"Ein Verschnitt aus zwei roten Rebsorten, der elf Monate in Eichenf\u00e4ssern reifte und dabei ein leichtes Vanillearoma und die zus\u00e4tzlichen Tannine entwickelte, die mit der Reifung im Holz verbunden sind. Seine Aromen von Gew\u00fcrzen und schwarzen Fr\u00fcchten werden am Gaumen von einem gewissen Volumen begleitet, das ihm eine cremige Seite verleiht.","og_url":"https:\/\/www.feuillerage.ch\/de\/produit\/gamaret-garanoir-einchenfass\/","og_site_name":"Feuillerage Weingut","article_publisher":"https:\/\/m.facebook.com\/feuillerage\/?ref=ts","article_modified_time":"2021-01-20T12:36:46+00:00","og_image":[{"width":1080,"height":1620,"url":"https:\/\/www.feuillerage.ch\/wp-content\/uploads\/2019\/08\/Gamaret-Garanoir_Chene.jpg","type":"image\/jpeg"}],"twitter_card":"summary_large_image","schema":{"@context":"https:\/\/schema.org","@graph":[{"@type":"WebPage","@id":"https:\/\/www.feuillerage.ch\/de\/produit\/gamaret-garanoir-einchenfass\/","url":"https:\/\/www.feuillerage.ch\/de\/produit\/gamaret-garanoir-einchenfass\/","name":"Gamaret Garanoir - Eichenfass - Feuillerage Weingut","isPartOf":{"@id":"https:\/\/www.feuillerage.ch\/de\/#website"},"primaryImageOfPage":{"@id":"https:\/\/www.feuillerage.ch\/de\/produit\/gamaret-garanoir-einchenfass\/#primaryimage"},"image":{"@id":"https:\/\/www.feuillerage.ch\/de\/produit\/gamaret-garanoir-einchenfass\/#primaryimage"},"thumbnailUrl":"https:\/\/www.feuillerage.ch\/wp-content\/uploads\/2019\/08\/Gamaret-Garanoir_Chene.jpg","datePublished":"2019-08-10T16:57:48+00:00","dateModified":"2021-01-20T12:36:46+00:00","breadcrumb":{"@id":"https:\/\/www.feuillerage.ch\/de\/produit\/gamaret-garanoir-einchenfass\/#breadcrumb"},"inLanguage":"de","potentialAction":[{"@type":"ReadAction","target":["https:\/\/www.feuillerage.ch\/de\/produit\/gamaret-garanoir-einchenfass\/"]}]},{"@type":"ImageObject","inLanguage":"de","@id":"https:\/\/www.feuillerage.ch\/de\/produit\/gamaret-garanoir-einchenfass\/#primaryimage","url":"https:\/\/www.feuillerage.ch\/wp-content\/uploads\/2019\/08\/Gamaret-Garanoir_Chene.jpg","contentUrl":"https:\/\/www.feuillerage.ch\/wp-content\/uploads\/2019\/08\/Gamaret-Garanoir_Chene.jpg","width":1080,"height":1620},{"@type":"BreadcrumbList","@id":"https:\/\/www.feuillerage.ch\/de\/produit\/gamaret-garanoir-einchenfass\/#breadcrumb","itemListElement":[{"@type":"ListItem","position":1,"name":"Accueil","item":"https:\/\/www.feuillerage.ch\/de\/"},{"@type":"ListItem","position":2,"name":"Unsere Weine","item":"https:\/\/www.feuillerage.ch\/de\/unsere-weine\/"},{"@type":"ListItem","position":3,"name":"Gamaret Garanoir &#8211; Eichenfass"}]},{"@type":"WebSite","@id":"https:\/\/www.feuillerage.ch\/de\/#website","url":"https:\/\/www.feuillerage.ch\/de\/","name":"Feuillerage Weingut","description":"Vignerons sur la C\u00f4te vaudoise","publisher":{"@id":"https:\/\/www.feuillerage.ch\/de\/#organization"},"potentialAction":[{"@type":"SearchAction","target":{"@type":"EntryPoint","urlTemplate":"https:\/\/www.feuillerage.ch\/de\/?s={search_term_string}"},"query-input":{"@type":"PropertyValueSpecification","valueRequired":true,"valueName":"search_term_string"}}],"inLanguage":"de"},{"@type":"Organization","@id":"https:\/\/www.feuillerage.ch\/de\/#organization","name":"Domaine du Feuillerage","url":"https:\/\/www.feuillerage.ch\/de\/","logo":{"@type":"ImageObject","inLanguage":"de","@id":"https:\/\/www.feuillerage.ch\/de\/#\/schema\/logo\/image\/","url":"https:\/\/www.feuillerage.ch\/wp-content\/uploads\/2019\/01\/Logo-encore-petit.png","contentUrl":"https:\/\/www.feuillerage.ch\/wp-content\/uploads\/2019\/01\/Logo-encore-petit.png","width":2880,"height":1824,"caption":"Domaine du Feuillerage"},"image":{"@id":"https:\/\/www.feuillerage.ch\/de\/#\/schema\/logo\/image\/"},"sameAs":["https:\/\/m.facebook.com\/feuillerage\/?ref=ts"]}]}},"_links":{"self":[{"href":"https:\/\/www.feuillerage.ch\/de\/wp-json\/wp\/v2\/product\/237506"}],"collection":[{"href":"https:\/\/www.feuillerage.ch\/de\/wp-json\/wp\/v2\/product"}],"about":[{"href":"https:\/\/www.feuillerage.ch\/de\/wp-json\/wp\/v2\/types\/product"}],"wp:featuredmedia":[{"embeddable":true,"href":"https:\/\/www.feuillerage.ch\/de\/wp-json\/wp\/v2\/media\/237084"}],"wp:attachment":[{"href":"https:\/\/www.feuillerage.ch\/de\/wp-json\/wp\/v2\/media?parent=237506"}],"wp:term":[{"taxonomy":"product_brand","embeddable":true,"href":"https:\/\/www.feuillerage.ch\/de\/wp-json\/wp\/v2\/product_brand?post=237506"},{"taxonomy":"product_cat","embeddable":true,"href":"https:\/\/www.feuillerage.ch\/de\/wp-json\/wp\/v2\/product_cat?post=237506"},{"taxonomy":"product_tag","embeddable":true,"href":"https:\/\/www.feuillerage.ch\/de\/wp-json\/wp\/v2\/product_tag?post=237506"}],"curies":[{"name":"wp","href":"https:\/\/api.w.org\/{rel}","templated":true}]}}